{"id":7308,"date":"2024-05-23T19:07:49","date_gmt":"2024-05-23T17:07:49","guid":{"rendered":"https:\/\/www.brasseurs-air-re2020.com\/informationen\/wird-die-kopplung-von-deckenventilatoren-mit-klimaanlagen-in-re2020-aufgenommen\/"},"modified":"2025-10-24T01:39:56","modified_gmt":"2025-10-23T23:39:56","slug":"wird-die-kopplung-von-deckenventilatoren-mit-klimaanlagen-in-re2020-aufgenommen","status":"publish","type":"page","link":"https:\/\/www.brasseurs-air-re2020.com\/de\/informationen\/wird-die-kopplung-von-deckenventilatoren-mit-klimaanlagen-in-re2020-aufgenommen\/","title":{"rendered":"Wird die Kopplung von Deckenventilatoren mit Klimaanlagen in RE2020 aufgenommen?"},"content":{"rendered":"<p>[et_pb_section fb_built=&#8221;1&#8243; admin_label=&#8221;section&#8221; _builder_version=&#8221;4.16&#8243; background_color=&#8221;#242424&#8243; custom_padding=&#8221;0px||0px||false|false&#8221; global_colors_info=&#8221;{}&#8221;][et_pb_row admin_label=&#8221;row&#8221; _builder_version=&#8221;4.16&#8243; background_size=&#8221;initial&#8221; background_position=&#8221;top_left&#8221; background_repeat=&#8221;repeat&#8221; custom_padding=&#8221;8px||6px||false|false&#8221; global_colors_info=&#8221;{}&#8221;][et_pb_column type=&#8221;4_4&#8243; _builder_version=&#8221;4.16&#8243; custom_padding=&#8221;|||&#8221; global_colors_info=&#8221;{}&#8221; custom_padding__hover=&#8221;|||&#8221;][et_pb_text _builder_version=&#8221;4.17.6&#8243; _module_preset=&#8221;default&#8221; text_text_color=&#8221;#FFFFFF&#8221; text_font_size=&#8221;45px&#8221; text_line_height=&#8221;1.2em&#8221; header_text_color=&#8221;#FFFFFF&#8221; header_font_size=&#8221;26px&#8221; header_line_height=&#8221;1.2em&#8221; text_orientation=&#8221;center&#8221; background_layout=&#8221;dark&#8221; custom_margin=&#8221;||||false|false&#8221; custom_padding=&#8221;||||false|false&#8221; global_colors_info=&#8221;{}&#8221;]<\/p>\n<p>Informationen<\/p>\n<h1>Wird die Kopplung von Deckenventilatoren mit Klimaanlagen in RE2020 aufgenommen?<\/h1>\n<p>[\/et_pb_text][\/et_pb_column][\/et_pb_row][\/et_pb_section][et_pb_section fb_built=&#8221;1&#8243; admin_label=&#8221;section&#8221; _builder_version=&#8221;4.16&#8243; background_enable_color=&#8221;off&#8221; custom_margin=&#8221;||||false|false&#8221; custom_padding=&#8221;||0px||false|false&#8221; global_colors_info=&#8221;{}&#8221;][et_pb_row _builder_version=&#8221;4.16&#8243; _module_preset=&#8221;default&#8221; background_size=&#8221;initial&#8221; background_position=&#8221;top_left&#8221; background_repeat=&#8221;repeat&#8221; custom_padding=&#8221;||||false|false&#8221; global_colors_info=&#8221;{}&#8221;][et_pb_column type=&#8221;4_4&#8243; _builder_version=&#8221;4.16&#8243; _module_preset=&#8221;default&#8221; global_colors_info=&#8221;{}&#8221;][et_pb_text _builder_version=&#8221;4.17.6&#8243; _module_preset=&#8221;default&#8221; header_2_font=&#8221;|600||on|||||&#8221; header_2_text_color=&#8221;gcid-93af2058-a512-4f99-b20c-ff5335d6c808&#8243; header_2_line_height=&#8221;1.7em&#8221; header_3_text_color=&#8221;gcid-70ff693f-6f97-4074-be90-9adb196c4afe&#8221; header_3_font_size=&#8221;24px&#8221; locked=&#8221;off&#8221; global_colors_info=&#8221;{%22gcid-93af2058-a512-4f99-b20c-ff5335d6c808%22:%91%22header_2_text_color%22%93,%22gcid-70ff693f-6f97-4074-be90-9adb196c4afe%22:%91%22header_3_text_color%22%93}&#8221;]<\/p>\n<p>Nein, dies ist Teil der <strong>Punkte, die in der RE2020 verbessert werden m\u00fcssen.<\/strong>. Die Energiegewinne, die Deckenventilatoren in klimatisierten Geb\u00e4uden bringen k\u00f6nnen, sind dort n\u00e4mlich nicht vorhanden.<\/p>\n<p>In der Praxis bringt das Vorhandensein von Deckenventilatoren in solchen R\u00e4umen zwei Vorteile mit sich.<\/p>\n<p>[\/et_pb_text][\/et_pb_column][\/et_pb_row][et_pb_row _builder_version=&#8221;4.16&#8243; _module_preset=&#8221;default&#8221; background_size=&#8221;initial&#8221; background_position=&#8221;top_left&#8221; background_repeat=&#8221;repeat&#8221; custom_padding=&#8221;||||false|false&#8221; global_colors_info=&#8221;{}&#8221;][et_pb_column type=&#8221;4_4&#8243; _builder_version=&#8221;4.16&#8243; _module_preset=&#8221;default&#8221; global_colors_info=&#8221;{}&#8221;][et_pb_text ul_position=&#8221;inside&#8221; ul_item_indent=&#8221;25px&#8221; _builder_version=&#8221;4.17.6&#8243; _module_preset=&#8221;default&#8221; header_2_font=&#8221;||||||||&#8221; header_2_text_color=&#8221;gcid-70ff693f-6f97-4074-be90-9adb196c4afe&#8221; header_2_font_size=&#8221;24px&#8221; header_2_line_height=&#8221;1.7em&#8221; header_3_text_color=&#8221;gcid-70ff693f-6f97-4074-be90-9adb196c4afe&#8221; header_3_font_size=&#8221;24px&#8221; locked=&#8221;off&#8221; global_colors_info=&#8221;{%22gcid-70ff693f-6f97-4074-be90-9adb196c4afe%22:%91%22header_3_text_color%22,%22header_3_text_color%22,%22header_3_text_color%22,%22header_3_text_color%22,%22header_2_text_color%22,%22header_3_text_color%22,%22header_3_text_color%22,%22header_3_text_color%22,%22header_3_text_color%22%93,%22gcid-93af2058-a512-4f99-b20c-ff5335d6c808%22:%91%22header_2_text_color%22,%22header_2_text_color%22,%22header_2_text_color%22,%22header_2_text_color%22%93}&#8221;]<\/p>\n<h2>Verk\u00fcrzung der Dauer der K\u00fchlsaison<\/h2>\n<p><strong>In der Zwischensaison k\u00f6nnen Luftumw\u00e4lzer dazu beitragen, dass die Klimaanlage erst sp\u00e4ter eingeschaltet wird. Denn der Sommerkomfort <\/strong>ohne Klimaanlage wird l\u00e4nger aufrechterhalten und nur in der hei\u00dfesten Zeit muss die Klimaanlage eingeschaltet werden.<\/p>\n<p>[\/et_pb_text][\/et_pb_column][\/et_pb_row][et_pb_row _builder_version=&#8221;4.16&#8243; _module_preset=&#8221;default&#8221; background_size=&#8221;initial&#8221; background_position=&#8221;top_left&#8221; background_repeat=&#8221;repeat&#8221; custom_padding=&#8221;||||false|false&#8221; global_colors_info=&#8221;{}&#8221;][et_pb_column type=&#8221;4_4&#8243; _builder_version=&#8221;4.16&#8243; _module_preset=&#8221;default&#8221; global_colors_info=&#8221;{}&#8221;][et_pb_text ul_position=&#8221;inside&#8221; ul_item_indent=&#8221;25px&#8221; _builder_version=&#8221;4.17.6&#8243; _module_preset=&#8221;default&#8221; header_2_font=&#8221;||||||||&#8221; header_2_text_color=&#8221;gcid-70ff693f-6f97-4074-be90-9adb196c4afe&#8221; header_2_font_size=&#8221;24px&#8221; header_2_line_height=&#8221;1.7em&#8221; header_3_text_color=&#8221;gcid-70ff693f-6f97-4074-be90-9adb196c4afe&#8221; header_3_font_size=&#8221;24px&#8221; locked=&#8221;off&#8221; global_colors_info=&#8221;{%22gcid-70ff693f-6f97-4074-be90-9adb196c4afe%22:%91%22header_3_text_color%22,%22header_3_text_color%22,%22header_3_text_color%22,%22header_3_text_color%22,%22header_2_text_color%22,%22header_3_text_color%22,%22header_3_text_color%22,%22header_3_text_color%22,%22header_3_text_color%22%93,%22gcid-93af2058-a512-4f99-b20c-ff5335d6c808%22:%91%22header_2_text_color%22,%22header_2_text_color%22,%22header_2_text_color%22,%22header_2_text_color%22%93}&#8221;]<\/p>\n<h2>Erh\u00f6hung des Sollwerts f\u00fcr die Klimaanlage<\/h2>\n<p>Die mit der h\u00f6heren Luftgeschwindigkeit verbundene <strong>Verbesserung des thermischen Komforts<\/strong> (bis zu 3\u00b0C Gewinn bei der gef\u00fchlten Temperatur) erm\u00f6glicht es, <strong>den Sollwert der Klimaanlage zu erh\u00f6hen<\/strong>.<\/p>\n<p>Das untenstehende Diagramm zeigt in der Tat den eklatanten Gewinn an k\u00fchlendem Gef\u00fchl, der mit der Erh\u00f6hung der Luftgeschwindigkeit verbunden ist, die durch die Deckenventilatoren bewirkt wird.<\/p>\n<p>[\/et_pb_text][et_pb_image src=&#8221;https:\/\/www.brasseurs-air-re2020.com\/wp-content\/uploads\/2024\/07\/kuhlung-gemessen-nach-luftgeschwindigkeit-01-DE-1-300&#215;286.jpg&#8221; title_text=&#8221;refroidissement-ressenti-en-fonction-de-la-vitesse-d-air-01&#8243; _builder_version=&#8221;4.16&#8243; _module_preset=&#8221;default&#8221; global_colors_info=&#8221;{}&#8221;][\/et_pb_image][et_pb_text ul_position=&#8221;inside&#8221; ul_item_indent=&#8221;25px&#8221; _builder_version=&#8221;4.16&#8243; _module_preset=&#8221;default&#8221; header_2_font=&#8221;|600||on|||||&#8221; header_2_text_color=&#8221;gcid-93af2058-a512-4f99-b20c-ff5335d6c808&#8243; header_2_line_height=&#8221;1.7em&#8221; header_3_text_color=&#8221;gcid-70ff693f-6f97-4074-be90-9adb196c4afe&#8221; header_3_font_size=&#8221;24px&#8221; locked=&#8221;off&#8221; global_colors_info=&#8221;{%22gcid-93af2058-a512-4f99-b20c-ff5335d6c808%22:%91%22header_2_text_color%22%93,%22gcid-70ff693f-6f97-4074-be90-9adb196c4afe%22:%91%22header_3_text_color%22%93}&#8221;]<\/p>\n<p><em>Abbildung 1 &#8211; Gef\u00fchlte K\u00fchlung in Abh\u00e4ngigkeit von der Luftgeschwindigkeit, aus Woods Ventilation Guide .<\/em><\/p>\n<p>Durch eine Verk\u00fcrzung der Klimasaison einerseits und eine Erh\u00f6hung des Klimasollwerts andererseits lassen sich erhebliche Energieeinsparungen erzielen. Eine <a href=\"https:\/\/citeseerx.ist.psu.edu\/viewdoc\/download?doi=10.1.1.473.3014&amp;rep=rep1&amp;type=pdf\" target=\"_blank\" rel=\"noopener\">amerikanische Studie<\/a> nennt eine Energieeinsparung von 7 bis 10 % pro Grad Sollwert.<\/p>\n<p>Wenn man also den Sollwert der Klimaanlage von 24 auf 28 \u00b0C anhebt, kann man den Energieverbrauch um 30 bis 40 % senken. Der Komfort des Nutzers an sich wird mit dieser Ma\u00dfnahme auf h\u00f6chstem Niveau gehalten.<\/p>\n<p>[\/et_pb_text][\/et_pb_column][\/et_pb_row][et_pb_row _builder_version=&#8221;4.16&#8243; _module_preset=&#8221;default&#8221; background_size=&#8221;initial&#8221; background_position=&#8221;top_left&#8221; background_repeat=&#8221;repeat&#8221; width=&#8221;90%&#8221; max_width=&#8221;100%&#8221; custom_padding=&#8221;||||false|false&#8221; global_colors_info=&#8221;{}&#8221;][et_pb_column type=&#8221;4_4&#8243; _builder_version=&#8221;4.16&#8243; _module_preset=&#8221;default&#8221; global_colors_info=&#8221;{}&#8221;][et_pb_button button_url=&#8221;@ET-DC@eyJkeW5hbWljIjp0cnVlLCJjb250ZW50IjoicG9zdF9saW5rX3VybF9wYWdlIiwic2V0dGluZ3MiOnsicG9zdF9pZCI6IjY5In19@&#8221; button_text=&#8221;Zugang zum Profi-Bereich&#8221; button_alignment=&#8221;center&#8221; _builder_version=&#8221;4.10.8&#8243; _dynamic_attributes=&#8221;button_url&#8221; _module_preset=&#8221;default&#8221; custom_button=&#8221;on&#8221; button_text_size=&#8221;16px&#8221; button_text_color=&#8221;#FFFFFF&#8221; button_bg_color=&#8221;gcid-93af2058-a512-4f99-b20c-ff5335d6c808&#8243; button_border_width=&#8221;0px&#8221; button_border_radius=&#8221;0px&#8221; button_letter_spacing=&#8221;1px&#8221; button_font=&#8221;|600||on|||||&#8221; custom_margin=&#8221;5px||20px||false|false&#8221; custom_padding=&#8221;10px|30px|10px|20px|true|false&#8221; global_module=&#8221;167&#8243; saved_tabs=&#8221;all&#8221; locked=&#8221;off&#8221; global_colors_info=&#8221;{%22gcid-93af2058-a512-4f99-b20c-ff5335d6c808%22:%91%22button_bg_color%22%93}&#8221;][\/et_pb_button][\/et_pb_column][\/et_pb_row][\/et_pb_section][et_pb_section fb_built=&#8221;1&#8243; _builder_version=&#8221;4.16&#8243; _module_preset=&#8221;default&#8221; custom_padding=&#8221;0px||||false|false&#8221; locked=&#8221;off&#8221; global_colors_info=&#8221;{}&#8221;][et_pb_row _builder_version=&#8221;4.10.8&#8243; _module_preset=&#8221;default&#8221; global_module=&#8221;1219&#8243; saved_tabs=&#8221;all&#8221; global_colors_info=&#8221;{}&#8221;][et_pb_column type=&#8221;4_4&#8243; _builder_version=&#8221;4.16&#8243; _module_preset=&#8221;default&#8221; global_colors_info=&#8221;{}&#8221;][et_pb_text _builder_version=&#8221;4.17.6&#8243; _module_preset=&#8221;default&#8221; header_2_font=&#8221;|600||on|||||&#8221; header_2_text_color=&#8221;gcid-93af2058-a512-4f99-b20c-ff5335d6c808&#8243; header_4_font=&#8221;|600||on|||||&#8221; header_4_text_color=&#8221;gcid-93af2058-a512-4f99-b20c-ff5335d6c808&#8243; header_4_font_size=&#8221;26px&#8221; custom_margin=&#8221;||10px||false|false&#8221; custom_padding=&#8221;||||false|false&#8221; locked=&#8221;off&#8221; global_colors_info=&#8221;{%22gcid-93af2058-a512-4f99-b20c-ff5335d6c808%22:%91%22header_2_text_color%22,%22header_2_text_color%22,%22header_4_text_color%22%93}&#8221;]<\/p>\n<h4>Haben Sie noch Fragen? Kontaktieren Sie uns!<\/h4>\n<p>Tel: <a href=\"tel:+33492389650\">04 92 38 96 50<\/a><br \/>E-Mail: <a href=\"mailto:contact@contact@brasseurs-air-re2020.com\">contact@brasseurs-air-re2020.com<\/a><\/p>\n<p>[\/et_pb_text][et_pb_contact_form use_spam_service=&#8221;on&#8221; recaptcha_list=&#8221;brasseurs-air-re2020com Divi|brasseurs-air-re2020com Divi-0&#8243; email=&#8221;contact@brasseurs-air-re2020.com&#8221; custom_message=&#8221;brasseurs-air-re2020 : Informations blocs ALLEMAND||et_pb_line_break_holder||||et_pb_line_break_holder||Nom : %%last_Name%%||et_pb_line_break_holder||Pr\u00e9nom : %%first_Name%%||et_pb_line_break_holder||Email : %%email%%||et_pb_line_break_holder||T\u00e9l\u00e9phone : %%telephone%%||et_pb_line_break_holder||Code postal : %%postal%%||et_pb_line_break_holder||Ville : %%ville%%||et_pb_line_break_holder||Message : %%message%%&#8221; submit_button_text=&#8221;Senden&#8221; _builder_version=&#8221;4.16&#8243; _module_preset=&#8221;default&#8221; _unique_id=&#8221;32a7c5bf-d41f-46c2-8c55-e59246653156&#8243; form_field_custom_margin=&#8221;0px||15px||false|false&#8221; form_field_custom_padding=&#8221;13px||13px||true|false&#8221; form_field_font_size=&#8221;14px&#8221; form_field_line_height=&#8221;1em&#8221; custom_button=&#8221;on&#8221; button_text_color=&#8221;#ffffff&#8221; button_bg_color=&#8221;gcid-93af2058-a512-4f99-b20c-ff5335d6c808&#8243; button_custom_margin=&#8221;20px||||false|false&#8221; custom_margin=&#8221;||||false|false&#8221; custom_padding=&#8221;||||false|false&#8221; global_colors_info=&#8221;{%22gcid-93af2058-a512-4f99-b20c-ff5335d6c808%22:%91%22button_bg_color%22%93}&#8221;][et_pb_contact_field field_id=&#8221;last_Name&#8221; field_title=&#8221;Name&#8221; _builder_version=&#8221;4.16&#8243; global_colors_info=&#8221;{}&#8221; button_text_size__hover_enabled=&#8221;off&#8221; button_one_text_size__hover_enabled=&#8221;off&#8221; button_two_text_size__hover_enabled=&#8221;off&#8221; button_text_color__hover_enabled=&#8221;off&#8221; button_one_text_color__hover_enabled=&#8221;off&#8221; button_two_text_color__hover_enabled=&#8221;off&#8221; button_border_width__hover_enabled=&#8221;off&#8221; button_one_border_width__hover_enabled=&#8221;off&#8221; button_two_border_width__hover_enabled=&#8221;off&#8221; button_border_color__hover_enabled=&#8221;off&#8221; button_one_border_color__hover_enabled=&#8221;off&#8221; button_two_border_color__hover_enabled=&#8221;off&#8221; button_border_radius__hover_enabled=&#8221;off&#8221; button_one_border_radius__hover_enabled=&#8221;off&#8221; button_two_border_radius__hover_enabled=&#8221;off&#8221; button_letter_spacing__hover_enabled=&#8221;off&#8221; button_one_letter_spacing__hover_enabled=&#8221;off&#8221; button_two_letter_spacing__hover_enabled=&#8221;off&#8221; button_bg_color__hover_enabled=&#8221;off&#8221; button_one_bg_color__hover_enabled=&#8221;off&#8221; button_two_bg_color__hover_enabled=&#8221;off&#8221;][\/et_pb_contact_field][et_pb_contact_field field_id=&#8221;first_Name&#8221; field_title=&#8221;Vorname&#8221; _builder_version=&#8221;4.16&#8243; global_colors_info=&#8221;{}&#8221; button_text_size__hover_enabled=&#8221;off&#8221; button_one_text_size__hover_enabled=&#8221;off&#8221; button_two_text_size__hover_enabled=&#8221;off&#8221; button_text_color__hover_enabled=&#8221;off&#8221; button_one_text_color__hover_enabled=&#8221;off&#8221; button_two_text_color__hover_enabled=&#8221;off&#8221; button_border_width__hover_enabled=&#8221;off&#8221; button_one_border_width__hover_enabled=&#8221;off&#8221; button_two_border_width__hover_enabled=&#8221;off&#8221; button_border_color__hover_enabled=&#8221;off&#8221; button_one_border_color__hover_enabled=&#8221;off&#8221; button_two_border_color__hover_enabled=&#8221;off&#8221; button_border_radius__hover_enabled=&#8221;off&#8221; button_one_border_radius__hover_enabled=&#8221;off&#8221; button_two_border_radius__hover_enabled=&#8221;off&#8221; button_letter_spacing__hover_enabled=&#8221;off&#8221; button_one_letter_spacing__hover_enabled=&#8221;off&#8221; button_two_letter_spacing__hover_enabled=&#8221;off&#8221; button_bg_color__hover_enabled=&#8221;off&#8221; button_one_bg_color__hover_enabled=&#8221;off&#8221; button_two_bg_color__hover_enabled=&#8221;off&#8221;][\/et_pb_contact_field][et_pb_contact_field field_id=&#8221;email&#8221; field_title=&#8221;Email Adresse&#8221; field_type=&#8221;email&#8221; _builder_version=&#8221;4.16&#8243; global_colors_info=&#8221;{}&#8221; button_text_size__hover_enabled=&#8221;off&#8221; button_one_text_size__hover_enabled=&#8221;off&#8221; button_two_text_size__hover_enabled=&#8221;off&#8221; button_text_color__hover_enabled=&#8221;off&#8221; button_one_text_color__hover_enabled=&#8221;off&#8221; button_two_text_color__hover_enabled=&#8221;off&#8221; button_border_width__hover_enabled=&#8221;off&#8221; button_one_border_width__hover_enabled=&#8221;off&#8221; button_two_border_width__hover_enabled=&#8221;off&#8221; button_border_color__hover_enabled=&#8221;off&#8221; button_one_border_color__hover_enabled=&#8221;off&#8221; button_two_border_color__hover_enabled=&#8221;off&#8221; button_border_radius__hover_enabled=&#8221;off&#8221; button_one_border_radius__hover_enabled=&#8221;off&#8221; button_two_border_radius__hover_enabled=&#8221;off&#8221; button_letter_spacing__hover_enabled=&#8221;off&#8221; button_one_letter_spacing__hover_enabled=&#8221;off&#8221; button_two_letter_spacing__hover_enabled=&#8221;off&#8221; button_bg_color__hover_enabled=&#8221;off&#8221; button_one_bg_color__hover_enabled=&#8221;off&#8221; button_two_bg_color__hover_enabled=&#8221;off&#8221;][\/et_pb_contact_field][et_pb_contact_field field_id=&#8221;telephone&#8221; field_title=&#8221;Telefonnummer&#8221; _builder_version=&#8221;4.16&#8243; _module_preset=&#8221;default&#8221; global_colors_info=&#8221;{}&#8221;][\/et_pb_contact_field][et_pb_contact_field field_id=&#8221;postal&#8221; field_title=&#8221;Postleitzahl&#8221; _builder_version=&#8221;4.16&#8243; _module_preset=&#8221;default&#8221; global_colors_info=&#8221;{}&#8221;][\/et_pb_contact_field][et_pb_contact_field field_id=&#8221;ville&#8221; field_title=&#8221;Stadt&#8221; _builder_version=&#8221;4.16&#8243; _module_preset=&#8221;default&#8221; global_colors_info=&#8221;{}&#8221;][\/et_pb_contact_field][et_pb_contact_field field_id=&#8221;message&#8221; field_title=&#8221;Ihre Nachricht&#8221; field_type=&#8221;text&#8221; fullwidth_field=&#8221;on&#8221; _builder_version=&#8221;4.16&#8243; global_colors_info=&#8221;{}&#8221; button_text_size__hover_enabled=&#8221;off&#8221; button_one_text_size__hover_enabled=&#8221;off&#8221; button_two_text_size__hover_enabled=&#8221;off&#8221; button_text_color__hover_enabled=&#8221;off&#8221; button_one_text_color__hover_enabled=&#8221;off&#8221; button_two_text_color__hover_enabled=&#8221;off&#8221; button_border_width__hover_enabled=&#8221;off&#8221; button_one_border_width__hover_enabled=&#8221;off&#8221; button_two_border_width__hover_enabled=&#8221;off&#8221; button_border_color__hover_enabled=&#8221;off&#8221; button_one_border_color__hover_enabled=&#8221;off&#8221; button_two_border_color__hover_enabled=&#8221;off&#8221; button_border_radius__hover_enabled=&#8221;off&#8221; button_one_border_radius__hover_enabled=&#8221;off&#8221; button_two_border_radius__hover_enabled=&#8221;off&#8221; button_letter_spacing__hover_enabled=&#8221;off&#8221; button_one_letter_spacing__hover_enabled=&#8221;off&#8221; button_two_letter_spacing__hover_enabled=&#8221;off&#8221; button_bg_color__hover_enabled=&#8221;off&#8221; button_one_bg_color__hover_enabled=&#8221;off&#8221; button_two_bg_color__hover_enabled=&#8221;off&#8221;][\/et_pb_contact_field][\/et_pb_contact_form][\/et_pb_column][\/et_pb_row][\/et_pb_section][et_pb_section fb_built=&#8221;1&#8243; module_id=&#8221;selection&#8221; _builder_version=&#8221;4.10.8&#8243; _module_preset=&#8221;default&#8221; background_color=&#8221;gcid-bd6b5a76-a616-4b55-93a8-e115d2422fa0&#8243; module_alignment=&#8221;center&#8221; custom_padding=&#8221;0px||30px||false|false&#8221; global_module=&#8221;1229&#8243; saved_tabs=&#8221;all&#8221; locked=&#8221;off&#8221; global_colors_info=&#8221;{%22gcid-bd6b5a76-a616-4b55-93a8-e115d2422fa0%22:%91%22background_color%22%93}&#8221;][et_pb_row column_structure=&#8221;1_3,1_3,1_3&#8243; use_custom_gutter=&#8221;on&#8221; gutter_width=&#8221;2&#8243; make_equal=&#8221;on&#8221; _builder_version=&#8221;4.16&#8243; _module_preset=&#8221;default&#8221; custom_margin=&#8221;||||false|false&#8221; custom_padding=&#8221;||0px||false|false&#8221; global_colors_info=&#8221;{}&#8221;][et_pb_column type=&#8221;1_3&#8243; _builder_version=&#8221;4.16&#8243; _dynamic_attributes=&#8221;link_option_url&#8221; _module_preset=&#8221;default&#8221; background_color=&#8221;#FFFFFF&#8221; custom_padding=&#8221;10px|10px|17px|10px|false|true&#8221; link_option_url=&#8221;@ET-DC@eyJkeW5hbWljIjp0cnVlLCJjb250ZW50IjoicG9zdF9saW5rX3VybF9wYWdlIiwic2V0dGluZ3MiOnsicG9zdF9pZCI6IjE1ODUifX0=@&#8221; global_colors_info=&#8221;{}&#8221;][et_pb_image src=&#8221;https:\/\/www.brasseurs-air-re2020.com\/wp-content\/uploads\/2021\/12\/picto-re2020-reglementation-02.jpg&#8221; title_text=&#8221;picto-re2020-reglementation-02&#8243; align=&#8221;center&#8221; _builder_version=&#8221;4.16&#8243; _module_preset=&#8221;default&#8221; custom_margin=&#8221;||5px||false|false&#8221; global_colors_info=&#8221;{}&#8221;][\/et_pb_image][et_pb_text _builder_version=&#8221;4.16&#8243; _module_preset=&#8221;default&#8221; text_orientation=&#8221;center&#8221; global_colors_info=&#8221;{}&#8221;]<\/p>\n<p>RE2020: Environmental Regulation 2020, worum geht es?<\/p>\n<p>[\/et_pb_text][et_pb_text _builder_version=&#8221;4.16&#8243; _module_preset=&#8221;default&#8221; background_color=&#8221;gcid-bd6b5a76-a616-4b55-93a8-e115d2422fa0&#8243; text_orientation=&#8221;center&#8221; global_colors_info=&#8221;{%22gcid-bd6b5a76-a616-4b55-93a8-e115d2422fa0%22:%91%22background_color%22%93}&#8221;]<\/p>\n<p><span data-contrast=\"auto\" xml:lang=\"DE-DE\" lang=\"DE-DE\" class=\"TextRun SCXW193236550 BCX0\"><span class=\"NormalTextRun SCXW193236550 BCX0\" data-ccp-parastyle=\"Body Text\">Lesen Sie mehr<\/span><\/span><\/p>\n<p>[\/et_pb_text][\/et_pb_column][et_pb_column type=&#8221;1_3&#8243; _builder_version=&#8221;4.16&#8243; _dynamic_attributes=&#8221;link_option_url&#8221; _module_preset=&#8221;default&#8221; background_color=&#8221;#FFFFFF&#8221; custom_padding=&#8221;10px|10px|17px|10px|false|true&#8221; link_option_url=&#8221;@ET-DC@eyJkeW5hbWljIjp0cnVlLCJjb250ZW50IjoicG9zdF9saW5rX3VybF9wYWdlIiwic2V0dGluZ3MiOnsicG9zdF9pZCI6IjEyMTQifX0=@&#8221; global_colors_info=&#8221;{}&#8221;][et_pb_image src=&#8221;https:\/\/www.brasseurs-air-re2020.com\/wp-content\/uploads\/2021\/12\/picto-confort-ete-02.jpg&#8221; title_text=&#8221;picto-confort-ete-02&#8243; align=&#8221;center&#8221; _builder_version=&#8221;4.16&#8243; _module_preset=&#8221;default&#8221; custom_margin=&#8221;||5px||false|false&#8221; global_colors_info=&#8221;{}&#8221;][\/et_pb_image][et_pb_text _builder_version=&#8221;4.16&#8243; _module_preset=&#8221;default&#8221; text_orientation=&#8221;center&#8221; global_colors_info=&#8221;{}&#8221;]<\/p>\n<p>Sommerlicher Komfort und RE2020 :<br \/>was ist neu?<\/p>\n<p>[\/et_pb_text][et_pb_text _builder_version=&#8221;4.16&#8243; _module_preset=&#8221;default&#8221; background_color=&#8221;gcid-bd6b5a76-a616-4b55-93a8-e115d2422fa0&#8243; text_orientation=&#8221;center&#8221; global_colors_info=&#8221;{%22gcid-bd6b5a76-a616-4b55-93a8-e115d2422fa0%22:%91%22background_color%22%93}&#8221;]<\/p>\n<p><span data-contrast=\"auto\" xml:lang=\"DE-DE\" lang=\"DE-DE\" class=\"TextRun SCXW193236550 BCX0\"><span class=\"NormalTextRun SCXW193236550 BCX0\" data-ccp-parastyle=\"Body Text\">Lesen Sie mehr<\/span><\/span><\/p>\n<p>[\/et_pb_text][\/et_pb_column][et_pb_column type=&#8221;1_3&#8243; _builder_version=&#8221;4.16&#8243; _dynamic_attributes=&#8221;link_option_url&#8221; _module_preset=&#8221;default&#8221; background_color=&#8221;#FFFFFF&#8221; custom_padding=&#8221;10px|10px|17px|10px|false|true&#8221; link_option_url=&#8221;@ET-DC@eyJkeW5hbWljIjp0cnVlLCJjb250ZW50IjoicG9zdF9saW5rX3VybF9wYWdlIiwic2V0dGluZ3MiOnsicG9zdF9pZCI6IjEyMzMifX0=@&#8221; global_colors_info=&#8221;{}&#8221;][et_pb_image src=&#8221;https:\/\/www.brasseurs-air-re2020.com\/wp-content\/uploads\/2021\/12\/picto-pourquoi-brasseurs-importants-bleu-02.jpg&#8221; title_text=&#8221;picto-pourquoi-brasseurs-importants-bleu-02&#8243; align=&#8221;center&#8221; _builder_version=&#8221;4.16&#8243; _module_preset=&#8221;default&#8221; custom_margin=&#8221;||5px||false|false&#8221; global_colors_info=&#8221;{}&#8221;][\/et_pb_image][et_pb_text _builder_version=&#8221;4.16&#8243; _module_preset=&#8221;default&#8221; text_orientation=&#8221;center&#8221; global_colors_info=&#8221;{}&#8221;]<\/p>\n<p>Warum sind Deckenventilatoren in RE2020 so wichtig?<\/p>\n<p>[\/et_pb_text][et_pb_text _builder_version=&#8221;4.16&#8243; _module_preset=&#8221;default&#8221; background_color=&#8221;gcid-bd6b5a76-a616-4b55-93a8-e115d2422fa0&#8243; text_orientation=&#8221;center&#8221; global_colors_info=&#8221;{%22gcid-bd6b5a76-a616-4b55-93a8-e115d2422fa0%22:%91%22background_color%22%93}&#8221;]<\/p>\n<p><span data-contrast=\"auto\" xml:lang=\"DE-DE\" lang=\"DE-DE\" class=\"TextRun SCXW193236550 BCX0\"><span class=\"NormalTextRun SCXW193236550 BCX0\" data-ccp-parastyle=\"Body Text\">Lesen Sie mehr<\/span><\/span><\/p>\n<p>[\/et_pb_text][\/et_pb_column][\/et_pb_row][et_pb_row column_structure=&#8221;1_3,1_3,1_3&#8243; use_custom_gutter=&#8221;on&#8221; gutter_width=&#8221;2&#8243; make_equal=&#8221;on&#8221; _builder_version=&#8221;4.16&#8243; _module_preset=&#8221;default&#8221; custom_margin=&#8221;||||false|false&#8221; custom_padding=&#8221;||0px||false|false&#8221; global_colors_info=&#8221;{}&#8221;][et_pb_column type=&#8221;1_3&#8243; _builder_version=&#8221;4.16&#8243; _dynamic_attributes=&#8221;link_option_url&#8221; _module_preset=&#8221;default&#8221; background_color=&#8221;#FFFFFF&#8221; custom_padding=&#8221;10px|10px|17px|10px|false|true&#8221; link_option_url=&#8221;@ET-DC@eyJkeW5hbWljIjp0cnVlLCJjb250ZW50IjoicG9zdF9saW5rX3VybF9wYWdlIiwic2V0dGluZ3MiOnsicG9zdF9pZCI6IjEyNDEifX0=@&#8221; global_colors_info=&#8221;{}&#8221;][et_pb_image src=&#8221;https:\/\/www.brasseurs-air-re2020.com\/wp-content\/uploads\/2021\/12\/picto-ou-trouver-information-technique-bleu-02.jpg&#8221; title_text=&#8221;picto-ou-trouver-information-technique-bleu-02&#8243; align=&#8221;center&#8221; _builder_version=&#8221;4.16&#8243; _module_preset=&#8221;default&#8221; custom_margin=&#8221;||5px||false|false&#8221; global_colors_info=&#8221;{}&#8221;][\/et_pb_image][et_pb_text _builder_version=&#8221;4.16&#8243; _module_preset=&#8221;default&#8221; text_orientation=&#8221;center&#8221; global_colors_info=&#8221;{}&#8221;]<\/p>\n<p>Wo finden Sie detaillierte technische Informationen f\u00fcr Fachleute?<\/p>\n<p>[\/et_pb_text][et_pb_text _builder_version=&#8221;4.16&#8243; _module_preset=&#8221;default&#8221; background_color=&#8221;gcid-bd6b5a76-a616-4b55-93a8-e115d2422fa0&#8243; text_orientation=&#8221;center&#8221; global_colors_info=&#8221;{%22gcid-bd6b5a76-a616-4b55-93a8-e115d2422fa0%22:%91%22background_color%22%93}&#8221;]<\/p>\n<p><span data-contrast=\"auto\" xml:lang=\"DE-DE\" lang=\"DE-DE\" class=\"TextRun SCXW193236550 BCX0\"><span class=\"NormalTextRun SCXW193236550 BCX0\" data-ccp-parastyle=\"Body Text\">Lesen Sie mehr<\/span><\/span><\/p>\n<p>[\/et_pb_text][\/et_pb_column][et_pb_column type=&#8221;1_3&#8243; _builder_version=&#8221;4.16&#8243; _dynamic_attributes=&#8221;link_option_url&#8221; _module_preset=&#8221;default&#8221; background_color=&#8221;#FFFFFF&#8221; custom_padding=&#8221;10px|10px|17px|10px|false|true&#8221; link_option_url=&#8221;@ET-DC@eyJkeW5hbWljIjp0cnVlLCJjb250ZW50IjoicG9zdF9saW5rX3VybF9wYWdlIiwic2V0dGluZ3MiOnsicG9zdF9pZCI6IjEyNTAifX0=@&#8221; global_colors_info=&#8221;{}&#8221;][et_pb_image src=&#8221;https:\/\/www.brasseurs-air-re2020.com\/wp-content\/uploads\/2021\/12\/pictos-couplage-brasseur-air-climatisation-bleu-02.jpg&#8221; title_text=&#8221;pictos-couplage-brasseur-air-climatisation-bleu-02&#8243; align=&#8221;center&#8221; _builder_version=&#8221;4.16&#8243; _module_preset=&#8221;default&#8221; custom_margin=&#8221;||5px||false|false&#8221; global_colors_info=&#8221;{}&#8221;][\/et_pb_image][et_pb_text _builder_version=&#8221;4.16&#8243; _module_preset=&#8221;default&#8221; text_orientation=&#8221;center&#8221; global_colors_info=&#8221;{}&#8221;]<\/p>\n<p>Wird die Kopplung von Deckenventilatoren mit Klimaanlagen in RE2020 aufgenommen?<\/p>\n<p>[\/et_pb_text][et_pb_text _builder_version=&#8221;4.16&#8243; _module_preset=&#8221;default&#8221; background_color=&#8221;gcid-bd6b5a76-a616-4b55-93a8-e115d2422fa0&#8243; text_orientation=&#8221;center&#8221; global_colors_info=&#8221;{%22gcid-bd6b5a76-a616-4b55-93a8-e115d2422fa0%22:%91%22background_color%22%93}&#8221;]<\/p>\n<p><span data-contrast=\"auto\" xml:lang=\"DE-DE\" lang=\"DE-DE\" class=\"TextRun SCXW193236550 BCX0\"><span class=\"NormalTextRun SCXW193236550 BCX0\" data-ccp-parastyle=\"Body Text\">Lesen Sie mehr<\/span><\/span><\/p>\n<p>[\/et_pb_text][\/et_pb_column][et_pb_column type=&#8221;1_3&#8243; _builder_version=&#8221;4.16&#8243; _dynamic_attributes=&#8221;link_option_url&#8221; _module_preset=&#8221;default&#8221; background_color=&#8221;#FFFFFF&#8221; custom_padding=&#8221;10px|10px|17px|10px|false|true&#8221; link_option_url=&#8221;@ET-DC@eyJkeW5hbWljIjp0cnVlLCJjb250ZW50IjoicG9zdF9saW5rX3VybF9wYWdlIiwic2V0dGluZ3MiOnsicG9zdF9pZCI6IjEyNTkifX0=@&#8221; global_colors_info=&#8221;{}&#8221;][et_pb_image src=&#8221;https:\/\/www.brasseurs-air-re2020.com\/wp-content\/uploads\/2021\/12\/pictos-re2020-batiments-neufs-bleu-02b.jpg&#8221; title_text=&#8221;pictos-re2020-batiments-neufs-bleu-02b&#8221; align=&#8221;center&#8221; _builder_version=&#8221;4.16&#8243; _module_preset=&#8221;default&#8221; custom_margin=&#8221;||5px||false|false&#8221; global_colors_info=&#8221;{}&#8221;][\/et_pb_image][et_pb_text _builder_version=&#8221;4.16&#8243; _module_preset=&#8221;default&#8221; text_orientation=&#8221;center&#8221; global_colors_info=&#8221;{}&#8221;]<\/p>\n<p>Gilt die RE2020 f\u00fcr alle neuen Geb\u00e4ude?<\/p>\n<p>[\/et_pb_text][et_pb_text _builder_version=&#8221;4.16&#8243; _module_preset=&#8221;default&#8221; background_color=&#8221;gcid-bd6b5a76-a616-4b55-93a8-e115d2422fa0&#8243; text_orientation=&#8221;center&#8221; global_colors_info=&#8221;{%22gcid-bd6b5a76-a616-4b55-93a8-e115d2422fa0%22:%91%22background_color%22%93}&#8221;]<\/p>\n<p><span data-contrast=\"auto\" xml:lang=\"DE-DE\" lang=\"DE-DE\" class=\"TextRun SCXW193236550 BCX0\"><span class=\"NormalTextRun SCXW193236550 BCX0\" data-ccp-parastyle=\"Body Text\">Lesen Sie mehr<\/span><\/span><\/p>\n<p>[\/et_pb_text][\/et_pb_column][\/et_pb_row][et_pb_row column_structure=&#8221;1_3,1_3,1_3&#8243; use_custom_gutter=&#8221;on&#8221; gutter_width=&#8221;2&#8243; make_equal=&#8221;on&#8221; _builder_version=&#8221;4.16&#8243; _module_preset=&#8221;default&#8221; global_colors_info=&#8221;{}&#8221;][et_pb_column type=&#8221;1_3&#8243; _builder_version=&#8221;4.16&#8243; _dynamic_attributes=&#8221;link_option_url&#8221; _module_preset=&#8221;default&#8221; background_color=&#8221;#FFFFFF&#8221; custom_padding=&#8221;10px|10px|17px|10px|false|true&#8221; link_option_url=&#8221;@ET-DC@eyJkeW5hbWljIjp0cnVlLCJjb250ZW50IjoicG9zdF9saW5rX3VybF9wYWdlIiwic2V0dGluZ3MiOnsicG9zdF9pZCI6IjEyNzAifX0=@&#8221; global_colors_info=&#8221;{}&#8221;][et_pb_image src=&#8221;https:\/\/www.brasseurs-air-re2020.com\/wp-content\/uploads\/2021\/12\/pictos-re2020-batiments-existants-bleu-02.jpg&#8221; title_text=&#8221;pictos-re2020-batiments-existants-bleu-02&#8243; align=&#8221;center&#8221; _builder_version=&#8221;4.16&#8243; _module_preset=&#8221;default&#8221; custom_margin=&#8221;||5px||false|false&#8221; global_colors_info=&#8221;{}&#8221;][\/et_pb_image][et_pb_text _builder_version=&#8221;4.16&#8243; _module_preset=&#8221;default&#8221; text_orientation=&#8221;center&#8221; global_colors_info=&#8221;{}&#8221;]<\/p>\n<p>Gilt die RE2020 auch f\u00fcr bestehende Geb\u00e4ude?<\/p>\n<p>[\/et_pb_text][et_pb_text _builder_version=&#8221;4.16&#8243; _module_preset=&#8221;default&#8221; background_color=&#8221;gcid-bd6b5a76-a616-4b55-93a8-e115d2422fa0&#8243; text_orientation=&#8221;center&#8221; global_colors_info=&#8221;{%22gcid-bd6b5a76-a616-4b55-93a8-e115d2422fa0%22:%91%22background_color%22%93}&#8221;]<\/p>\n<p><span data-contrast=\"auto\" xml:lang=\"DE-DE\" lang=\"DE-DE\" class=\"TextRun SCXW193236550 BCX0\"><span class=\"NormalTextRun SCXW193236550 BCX0\" data-ccp-parastyle=\"Body Text\">Lesen Sie mehr<\/span><\/span><\/p>\n<p>[\/et_pb_text][\/et_pb_column][et_pb_column type=&#8221;1_3&#8243; _builder_version=&#8221;4.16&#8243; _dynamic_attributes=&#8221;link_option_url&#8221; _module_preset=&#8221;default&#8221; background_color=&#8221;#FFFFFF&#8221; custom_padding=&#8221;10px|10px|17px|10px|false|true&#8221; link_option_url=&#8221;@ET-DC@eyJkeW5hbWljIjp0cnVlLCJjb250ZW50IjoicG9zdF9saW5rX3VybF9wYWdlIiwic2V0dGluZ3MiOnsicG9zdF9pZCI6IjEyNzkifX0=@&#8221; global_colors_info=&#8221;{}&#8221;][et_pb_image src=&#8221;https:\/\/www.brasseurs-air-re2020.com\/wp-content\/uploads\/2021\/12\/pictos-securite-hauteur-sous-pales-bleu-02.jpg&#8221; title_text=&#8221;pictos-securite-hauteur-sous-pales-bleu-02&#8243; align=&#8221;center&#8221; _builder_version=&#8221;4.16&#8243; _module_preset=&#8221;default&#8221; custom_margin=&#8221;||5px||false|false&#8221; global_colors_info=&#8221;{}&#8221;][\/et_pb_image][et_pb_text _builder_version=&#8221;4.16&#8243; _module_preset=&#8221;default&#8221; text_orientation=&#8221;center&#8221; global_colors_info=&#8221;{}&#8221;]<\/p>\n<p>Welche Sicherheitsvorschriften gelten f\u00fcr die Mindesth\u00f6he unter den Rotorbl\u00e4ttern?<\/p>\n<p>[\/et_pb_text][et_pb_text _builder_version=&#8221;4.16&#8243; _module_preset=&#8221;default&#8221; background_color=&#8221;gcid-bd6b5a76-a616-4b55-93a8-e115d2422fa0&#8243; text_orientation=&#8221;center&#8221; global_colors_info=&#8221;{%22gcid-bd6b5a76-a616-4b55-93a8-e115d2422fa0%22:%91%22background_color%22%93}&#8221;]<\/p>\n<p><span data-contrast=\"auto\" xml:lang=\"DE-DE\" lang=\"DE-DE\" class=\"TextRun SCXW193236550 BCX0\"><span class=\"NormalTextRun SCXW193236550 BCX0\" data-ccp-parastyle=\"Body Text\">Lesen Sie mehr<\/span><\/span><\/p>\n<p>[\/et_pb_text][\/et_pb_column][et_pb_column type=&#8221;1_3&#8243; _builder_version=&#8221;4.16&#8243; _dynamic_attributes=&#8221;link_option_url&#8221; _module_preset=&#8221;default&#8221; background_color=&#8221;#FFFFFF&#8221; custom_padding=&#8221;10px|10px|17px|10px|false|true&#8221; link_option_url=&#8221;@ET-DC@eyJkeW5hbWljIjp0cnVlLCJjb250ZW50IjoicG9zdF9saW5rX3VybF9wYWdlIiwic2V0dGluZ3MiOnsicG9zdF9pZCI6IjEyODYifX0=@&#8221; global_colors_info=&#8221;{}&#8221;][et_pb_image src=&#8221;https:\/\/www.brasseurs-air-re2020.com\/wp-content\/uploads\/2021\/12\/pictos-brasseurs-air-difference-bleu-02.jpg&#8221; title_text=&#8221;pictos-brasseurs-air-difference-bleu-02&#8243; align=&#8221;center&#8221; _builder_version=&#8221;4.16&#8243; _module_preset=&#8221;default&#8221; custom_margin=&#8221;||5px||false|false&#8221; global_colors_info=&#8221;{}&#8221;][\/et_pb_image][et_pb_text _builder_version=&#8221;4.16&#8243; _module_preset=&#8221;default&#8221; text_orientation=&#8221;center&#8221; global_colors_info=&#8221;{}&#8221;]<\/p>\n<p>Wie unterscheiden sich die Deckenventilatoren auf unserer Seite von anderen?<\/p>\n<p>[\/et_pb_text][et_pb_text _builder_version=&#8221;4.16&#8243; _module_preset=&#8221;default&#8221; background_color=&#8221;gcid-bd6b5a76-a616-4b55-93a8-e115d2422fa0&#8243; text_orientation=&#8221;center&#8221; global_colors_info=&#8221;{%22gcid-bd6b5a76-a616-4b55-93a8-e115d2422fa0%22:%91%22background_color%22%93}&#8221;]<\/p>\n<p><span data-contrast=\"auto\" xml:lang=\"DE-DE\" lang=\"DE-DE\" class=\"TextRun SCXW193236550 BCX0\"><span class=\"NormalTextRun SCXW193236550 BCX0\" data-ccp-parastyle=\"Body Text\">Lesen Sie mehr<\/span><\/span><\/p>\n<p>[\/et_pb_text][\/et_pb_column][\/et_pb_row][\/et_pb_section]<\/p>\n","protected":false},"excerpt":{"rendered":"<p>Informationen Wird die Kopplung von Deckenventilatoren mit Klimaanlagen in RE2020 aufgenommen?Nein, dies ist Teil der Punkte, die in der RE2020 verbessert werden m\u00fcssen.. Die Energiegewinne, die Deckenventilatoren in klimatisierten Geb\u00e4uden bringen k\u00f6nnen, sind dort n\u00e4mlich nicht vorhanden. In der Praxis bringt das Vorhandensein von Deckenventilatoren in solchen R\u00e4umen zwei Vorteile mit sich.Verk\u00fcrzung der Dauer der [&hellip;]<\/p>\n","protected":false},"author":1,"featured_media":0,"parent":7197,"menu_order":0,"comment_status":"closed","ping_status":"closed","template":"","meta":{"_et_pb_use_builder":"on","_et_pb_old_content":"","_et_gb_content_width":"","footnotes":""},"class_list":["post-7308","page","type-page","status-publish","hentry"],"yoast_head":"<!-- This site is optimized with the Yoast SEO plugin v26.7 - https:\/\/yoast.com\/wordpress\/plugins\/seo\/ -->\n<title>Wird die Kopplung von Deckenventilatoren mit Klimaanlagen in RE2020 aufgenommen? - Brasseurs Air RE2020<\/title>\n<meta name=\"description\" content=\"Die Kopplung von Deckenventilatoren\/Luftumw\u00e4lzern mit Klimaanlagen ist nicht in RE2020 integriert. Verbesserung des thermischen Komforts und Luftumw\u00e4lzung\" \/>\n<meta name=\"robots\" content=\"index, follow, max-snippet:-1, max-image-preview:large, max-video-preview:-1\" \/>\n<link rel=\"canonical\" href=\"https:\/\/www.brasseurs-air-re2020.com\/de\/informationen\/wird-die-kopplung-von-deckenventilatoren-mit-klimaanlagen-in-re2020-aufgenommen\/\" \/>\n<meta property=\"og:locale\" content=\"de_DE\" \/>\n<meta property=\"og:type\" content=\"article\" \/>\n<meta property=\"og:title\" content=\"Wird die Kopplung von Deckenventilatoren mit Klimaanlagen in RE2020 aufgenommen? - Brasseurs Air RE2020\" \/>\n<meta property=\"og:description\" content=\"Die Kopplung von Deckenventilatoren\/Luftumw\u00e4lzern mit Klimaanlagen ist nicht in RE2020 integriert. Verbesserung des thermischen Komforts und Luftumw\u00e4lzung\" \/>\n<meta property=\"og:url\" content=\"https:\/\/www.brasseurs-air-re2020.com\/de\/informationen\/wird-die-kopplung-von-deckenventilatoren-mit-klimaanlagen-in-re2020-aufgenommen\/\" \/>\n<meta property=\"og:site_name\" content=\"Brasseurs Air RE2020\" \/>\n<meta property=\"article:modified_time\" content=\"2025-10-23T23:39:56+00:00\" \/>\n<meta name=\"twitter:card\" content=\"summary_large_image\" \/>\n<meta name=\"twitter:label1\" content=\"Gesch\u00e4tzte Lesezeit\" \/>\n\t<meta name=\"twitter:data1\" content=\"19\u00a0Minuten\" \/>\n<script type=\"application\/ld+json\" class=\"yoast-schema-graph\">{\"@context\":\"https:\/\/schema.org\",\"@graph\":[{\"@type\":\"WebPage\",\"@id\":\"https:\/\/www.brasseurs-air-re2020.com\/de\/informationen\/wird-die-kopplung-von-deckenventilatoren-mit-klimaanlagen-in-re2020-aufgenommen\/\",\"url\":\"https:\/\/www.brasseurs-air-re2020.com\/de\/informationen\/wird-die-kopplung-von-deckenventilatoren-mit-klimaanlagen-in-re2020-aufgenommen\/\",\"name\":\"Wird die Kopplung von Deckenventilatoren mit Klimaanlagen in RE2020 aufgenommen? - Brasseurs Air RE2020\",\"isPartOf\":{\"@id\":\"https:\/\/www.brasseurs-air-re2020.com\/de\/#website\"},\"datePublished\":\"2024-05-23T17:07:49+00:00\",\"dateModified\":\"2025-10-23T23:39:56+00:00\",\"description\":\"Die Kopplung von Deckenventilatoren\/Luftumw\u00e4lzern mit Klimaanlagen ist nicht in RE2020 integriert. Verbesserung des thermischen Komforts und Luftumw\u00e4lzung\",\"breadcrumb\":{\"@id\":\"https:\/\/www.brasseurs-air-re2020.com\/de\/informationen\/wird-die-kopplung-von-deckenventilatoren-mit-klimaanlagen-in-re2020-aufgenommen\/#breadcrumb\"},\"inLanguage\":\"de\",\"potentialAction\":[{\"@type\":\"ReadAction\",\"target\":[\"https:\/\/www.brasseurs-air-re2020.com\/de\/informationen\/wird-die-kopplung-von-deckenventilatoren-mit-klimaanlagen-in-re2020-aufgenommen\/\"]}]},{\"@type\":\"BreadcrumbList\",\"@id\":\"https:\/\/www.brasseurs-air-re2020.com\/de\/informationen\/wird-die-kopplung-von-deckenventilatoren-mit-klimaanlagen-in-re2020-aufgenommen\/#breadcrumb\",\"itemListElement\":[{\"@type\":\"ListItem\",\"position\":1,\"name\":\"Deckenventilatoren\",\"item\":\"https:\/\/www.brasseurs-air-re2020.com\/de\/\"},{\"@type\":\"ListItem\",\"position\":2,\"name\":\"Informationen\",\"item\":\"https:\/\/www.brasseurs-air-re2020.com\/de\/informations\/\"},{\"@type\":\"ListItem\",\"position\":3,\"name\":\"Wird die Kopplung von Deckenventilatoren mit Klimaanlagen in RE2020 aufgenommen?\"}]},{\"@type\":\"WebSite\",\"@id\":\"https:\/\/www.brasseurs-air-re2020.com\/de\/#website\",\"url\":\"https:\/\/www.brasseurs-air-re2020.com\/de\/\",\"name\":\"Brasseurs Air RE2020\",\"description\":\"\",\"publisher\":{\"@id\":\"https:\/\/www.brasseurs-air-re2020.com\/de\/#organization\"},\"potentialAction\":[{\"@type\":\"SearchAction\",\"target\":{\"@type\":\"EntryPoint\",\"urlTemplate\":\"https:\/\/www.brasseurs-air-re2020.com\/de\/?s={search_term_string}\"},\"query-input\":{\"@type\":\"PropertyValueSpecification\",\"valueRequired\":true,\"valueName\":\"search_term_string\"}}],\"inLanguage\":\"de\"},{\"@type\":\"Organization\",\"@id\":\"https:\/\/www.brasseurs-air-re2020.com\/de\/#organization\",\"name\":\"Brasseurs d'air RE2020\",\"url\":\"https:\/\/www.brasseurs-air-re2020.com\/de\/\",\"logo\":{\"@type\":\"ImageObject\",\"inLanguage\":\"de\",\"@id\":\"https:\/\/www.brasseurs-air-re2020.com\/de\/#\/schema\/logo\/image\/\",\"url\":\"https:\/\/www.brasseurs-air-re2020.com\/wp-content\/uploads\/2021\/12\/logo-brasseur-air-re-2020-new-01.png\",\"contentUrl\":\"https:\/\/www.brasseurs-air-re2020.com\/wp-content\/uploads\/2021\/12\/logo-brasseur-air-re-2020-new-01.png\",\"width\":200,\"height\":50,\"caption\":\"Brasseurs d'air RE2020\"},\"image\":{\"@id\":\"https:\/\/www.brasseurs-air-re2020.com\/de\/#\/schema\/logo\/image\/\"},\"sameAs\":[\"https:\/\/www.linkedin.com\/company\/brasseurs-d-air-re2020\/\"]}]}<\/script>\n<!-- \/ Yoast SEO plugin. -->","yoast_head_json":{"title":"Wird die Kopplung von Deckenventilatoren mit Klimaanlagen in RE2020 aufgenommen? - Brasseurs Air RE2020","description":"Die Kopplung von Deckenventilatoren\/Luftumw\u00e4lzern mit Klimaanlagen ist nicht in RE2020 integriert. Verbesserung des thermischen Komforts und Luftumw\u00e4lzung","robots":{"index":"index","follow":"follow","max-snippet":"max-snippet:-1","max-image-preview":"max-image-preview:large","max-video-preview":"max-video-preview:-1"},"canonical":"https:\/\/www.brasseurs-air-re2020.com\/de\/informationen\/wird-die-kopplung-von-deckenventilatoren-mit-klimaanlagen-in-re2020-aufgenommen\/","og_locale":"de_DE","og_type":"article","og_title":"Wird die Kopplung von Deckenventilatoren mit Klimaanlagen in RE2020 aufgenommen? - Brasseurs Air RE2020","og_description":"Die Kopplung von Deckenventilatoren\/Luftumw\u00e4lzern mit Klimaanlagen ist nicht in RE2020 integriert. Verbesserung des thermischen Komforts und Luftumw\u00e4lzung","og_url":"https:\/\/www.brasseurs-air-re2020.com\/de\/informationen\/wird-die-kopplung-von-deckenventilatoren-mit-klimaanlagen-in-re2020-aufgenommen\/","og_site_name":"Brasseurs Air RE2020","article_modified_time":"2025-10-23T23:39:56+00:00","twitter_card":"summary_large_image","twitter_misc":{"Gesch\u00e4tzte Lesezeit":"19\u00a0Minuten"},"schema":{"@context":"https:\/\/schema.org","@graph":[{"@type":"WebPage","@id":"https:\/\/www.brasseurs-air-re2020.com\/de\/informationen\/wird-die-kopplung-von-deckenventilatoren-mit-klimaanlagen-in-re2020-aufgenommen\/","url":"https:\/\/www.brasseurs-air-re2020.com\/de\/informationen\/wird-die-kopplung-von-deckenventilatoren-mit-klimaanlagen-in-re2020-aufgenommen\/","name":"Wird die Kopplung von Deckenventilatoren mit Klimaanlagen in RE2020 aufgenommen? - Brasseurs Air RE2020","isPartOf":{"@id":"https:\/\/www.brasseurs-air-re2020.com\/de\/#website"},"datePublished":"2024-05-23T17:07:49+00:00","dateModified":"2025-10-23T23:39:56+00:00","description":"Die Kopplung von Deckenventilatoren\/Luftumw\u00e4lzern mit Klimaanlagen ist nicht in RE2020 integriert. Verbesserung des thermischen Komforts und Luftumw\u00e4lzung","breadcrumb":{"@id":"https:\/\/www.brasseurs-air-re2020.com\/de\/informationen\/wird-die-kopplung-von-deckenventilatoren-mit-klimaanlagen-in-re2020-aufgenommen\/#breadcrumb"},"inLanguage":"de","potentialAction":[{"@type":"ReadAction","target":["https:\/\/www.brasseurs-air-re2020.com\/de\/informationen\/wird-die-kopplung-von-deckenventilatoren-mit-klimaanlagen-in-re2020-aufgenommen\/"]}]},{"@type":"BreadcrumbList","@id":"https:\/\/www.brasseurs-air-re2020.com\/de\/informationen\/wird-die-kopplung-von-deckenventilatoren-mit-klimaanlagen-in-re2020-aufgenommen\/#breadcrumb","itemListElement":[{"@type":"ListItem","position":1,"name":"Deckenventilatoren","item":"https:\/\/www.brasseurs-air-re2020.com\/de\/"},{"@type":"ListItem","position":2,"name":"Informationen","item":"https:\/\/www.brasseurs-air-re2020.com\/de\/informations\/"},{"@type":"ListItem","position":3,"name":"Wird die Kopplung von Deckenventilatoren mit Klimaanlagen in RE2020 aufgenommen?"}]},{"@type":"WebSite","@id":"https:\/\/www.brasseurs-air-re2020.com\/de\/#website","url":"https:\/\/www.brasseurs-air-re2020.com\/de\/","name":"Brasseurs Air RE2020","description":"","publisher":{"@id":"https:\/\/www.brasseurs-air-re2020.com\/de\/#organization"},"potentialAction":[{"@type":"SearchAction","target":{"@type":"EntryPoint","urlTemplate":"https:\/\/www.brasseurs-air-re2020.com\/de\/?s={search_term_string}"},"query-input":{"@type":"PropertyValueSpecification","valueRequired":true,"valueName":"search_term_string"}}],"inLanguage":"de"},{"@type":"Organization","@id":"https:\/\/www.brasseurs-air-re2020.com\/de\/#organization","name":"Brasseurs d'air RE2020","url":"https:\/\/www.brasseurs-air-re2020.com\/de\/","logo":{"@type":"ImageObject","inLanguage":"de","@id":"https:\/\/www.brasseurs-air-re2020.com\/de\/#\/schema\/logo\/image\/","url":"https:\/\/www.brasseurs-air-re2020.com\/wp-content\/uploads\/2021\/12\/logo-brasseur-air-re-2020-new-01.png","contentUrl":"https:\/\/www.brasseurs-air-re2020.com\/wp-content\/uploads\/2021\/12\/logo-brasseur-air-re-2020-new-01.png","width":200,"height":50,"caption":"Brasseurs d'air RE2020"},"image":{"@id":"https:\/\/www.brasseurs-air-re2020.com\/de\/#\/schema\/logo\/image\/"},"sameAs":["https:\/\/www.linkedin.com\/company\/brasseurs-d-air-re2020\/"]}]}},"_links":{"self":[{"href":"https:\/\/www.brasseurs-air-re2020.com\/de\/wp-json\/wp\/v2\/pages\/7308","targetHints":{"allow":["GET"]}}],"collection":[{"href":"https:\/\/www.brasseurs-air-re2020.com\/de\/wp-json\/wp\/v2\/pages"}],"about":[{"href":"https:\/\/www.brasseurs-air-re2020.com\/de\/wp-json\/wp\/v2\/types\/page"}],"author":[{"embeddable":true,"href":"https:\/\/www.brasseurs-air-re2020.com\/de\/wp-json\/wp\/v2\/users\/1"}],"replies":[{"embeddable":true,"href":"https:\/\/www.brasseurs-air-re2020.com\/de\/wp-json\/wp\/v2\/comments?post=7308"}],"version-history":[{"count":14,"href":"https:\/\/www.brasseurs-air-re2020.com\/de\/wp-json\/wp\/v2\/pages\/7308\/revisions"}],"predecessor-version":[{"id":15667,"href":"https:\/\/www.brasseurs-air-re2020.com\/de\/wp-json\/wp\/v2\/pages\/7308\/revisions\/15667"}],"up":[{"embeddable":true,"href":"https:\/\/www.brasseurs-air-re2020.com\/de\/wp-json\/wp\/v2\/pages\/7197"}],"wp:attachment":[{"href":"https:\/\/www.brasseurs-air-re2020.com\/de\/wp-json\/wp\/v2\/media?parent=7308"}],"curies":[{"name":"wp","href":"https:\/\/api.w.org\/{rel}","templated":true}]}}