{"id":15645,"date":"2025-10-24T01:26:03","date_gmt":"2025-10-23T23:26:03","guid":{"rendered":"https:\/\/www.brasseurs-air-re2020.com\/esta-integrado-en-la-re2020-el-uso-combinado-de-ventiladores-de-techo-con-el-aire-acondicionado\/"},"modified":"2026-03-22T20:53:29","modified_gmt":"2026-03-22T19:53:29","slug":"esta-integrado-en-la-re2020-el-uso-combinado-de-ventiladores-de-techo-con-el-aire-acondicionado","status":"publish","type":"page","link":"https:\/\/www.brasseurs-air-re2020.com\/es\/informacion-2\/esta-integrado-en-la-re2020-el-uso-combinado-de-ventiladores-de-techo-con-el-aire-acondicionado\/","title":{"rendered":"\u00bfEst\u00e1 integrado en la RE2020 el uso combinado de ventiladores de techo con el aire acondicionado?"},"content":{"rendered":"<p>[et_pb_section fb_built=&#8221;1&#8243; admin_label=&#8221;section&#8221; _builder_version=&#8221;4.16&#8243; background_color=&#8221;#242424&#8243; custom_padding=&#8221;0px||0px||false|false&#8221; global_colors_info=&#8221;{}&#8221;][et_pb_row admin_label=&#8221;row&#8221; _builder_version=&#8221;4.16&#8243; background_size=&#8221;initial&#8221; background_position=&#8221;top_left&#8221; background_repeat=&#8221;repeat&#8221; custom_padding=&#8221;8px||6px||false|false&#8221; global_colors_info=&#8221;{}&#8221;][et_pb_column type=&#8221;4_4&#8243; _builder_version=&#8221;4.16&#8243; custom_padding=&#8221;|||&#8221; global_colors_info=&#8221;{}&#8221; custom_padding__hover=&#8221;|||&#8221;][et_pb_text _builder_version=&#8221;4.27.4&#8243; _module_preset=&#8221;default&#8221; text_text_color=&#8221;#FFFFFF&#8221; text_font_size=&#8221;45px&#8221; text_line_height=&#8221;1.2em&#8221; header_text_color=&#8221;#FFFFFF&#8221; header_font_size=&#8221;26px&#8221; header_line_height=&#8221;1.2em&#8221; text_orientation=&#8221;center&#8221; background_layout=&#8221;dark&#8221; custom_margin=&#8221;||||false|false&#8221; custom_padding=&#8221;||||false|false&#8221; hover_enabled=&#8221;0&#8243; global_colors_info=&#8221;{}&#8221; sticky_enabled=&#8221;0&#8243;]<\/p>\n<p>Informaci\u00f3n<\/p>\n<h1>\u00bfEst\u00e1 integrado en la RE2020 el uso combinado de ventiladores de techo con el aire acondicionado?<\/h1>\n<p>[\/et_pb_text][\/et_pb_column][\/et_pb_row][\/et_pb_section][et_pb_section fb_built=&#8221;1&#8243; admin_label=&#8221;section&#8221; _builder_version=&#8221;4.16&#8243; background_enable_color=&#8221;off&#8221; custom_margin=&#8221;||||false|false&#8221; custom_padding=&#8221;||0px||false|false&#8221; global_colors_info=&#8221;{}&#8221;][et_pb_row _builder_version=&#8221;4.16&#8243; _module_preset=&#8221;default&#8221; background_size=&#8221;initial&#8221; background_position=&#8221;top_left&#8221; background_repeat=&#8221;repeat&#8221; custom_padding=&#8221;||||false|false&#8221; global_colors_info=&#8221;{}&#8221;][et_pb_column type=&#8221;4_4&#8243; _builder_version=&#8221;4.16&#8243; _module_preset=&#8221;default&#8221; global_colors_info=&#8221;{}&#8221;][et_pb_text _builder_version=&#8221;4.17.6&#8243; _module_preset=&#8221;default&#8221; header_2_font=&#8221;|600||on|||||&#8221; header_2_text_color=&#8221;gcid-93af2058-a512-4f99-b20c-ff5335d6c808&#8243; header_2_line_height=&#8221;1.7em&#8221; header_3_text_color=&#8221;gcid-70ff693f-6f97-4074-be90-9adb196c4afe&#8221; header_3_font_size=&#8221;24px&#8221; locked=&#8221;off&#8221; global_colors_info=&#8221;{%22gcid-93af2058-a512-4f99-b20c-ff5335d6c808%22:%91%22header_2_text_color%22%93,%22gcid-70ff693f-6f97-4074-be90-9adb196c4afe%22:%91%22header_3_text_color%22%93}&#8221;]<\/p>\n<p>No, esto forma parte de los <strong>puntos a mejorar en la RE2020<\/strong>. De hecho, las ganancias energ\u00e9ticas que los ventiladores de techo pueden aportar en edificios climatizados no est\u00e1n consideradas.<\/p>\n<p>En la pr\u00e1ctica, en este tipo de espacios, la presencia de ventiladores de techo ofrece dos ventajas.<\/p>\n<p>[\/et_pb_text][\/et_pb_column][\/et_pb_row][et_pb_row _builder_version=&#8221;4.16&#8243; _module_preset=&#8221;default&#8221; background_size=&#8221;initial&#8221; background_position=&#8221;top_left&#8221; background_repeat=&#8221;repeat&#8221; custom_padding=&#8221;||||false|false&#8221; global_colors_info=&#8221;{}&#8221;][et_pb_column type=&#8221;4_4&#8243; _builder_version=&#8221;4.16&#8243; _module_preset=&#8221;default&#8221; global_colors_info=&#8221;{}&#8221;][et_pb_text ul_position=&#8221;inside&#8221; ul_item_indent=&#8221;25px&#8221; _builder_version=&#8221;4.17.6&#8243; _module_preset=&#8221;default&#8221; header_2_font=&#8221;||||||||&#8221; header_2_text_color=&#8221;gcid-70ff693f-6f97-4074-be90-9adb196c4afe&#8221; header_2_font_size=&#8221;24px&#8221; header_2_line_height=&#8221;1.7em&#8221; header_3_text_color=&#8221;gcid-70ff693f-6f97-4074-be90-9adb196c4afe&#8221; header_3_font_size=&#8221;24px&#8221; locked=&#8221;off&#8221; global_colors_info=&#8221;{%22gcid-70ff693f-6f97-4074-be90-9adb196c4afe%22:%91%22header_3_text_color%22,%22header_3_text_color%22,%22header_3_text_color%22,%22header_3_text_color%22,%22header_2_text_color%22,%22header_3_text_color%22,%22header_3_text_color%22,%22header_3_text_color%22,%22header_3_text_color%22%93,%22gcid-93af2058-a512-4f99-b20c-ff5335d6c808%22:%91%22header_2_text_color%22,%22header_2_text_color%22,%22header_2_text_color%22,%22header_2_text_color%22%93}&#8221;]<\/p>\n<h2>Reducci\u00f3n de la duraci\u00f3n de la temporada de enfriamiento<\/h2>\n<p><strong>En la temporada intermedia, la presencia de ventiladores de techo permite retrasar el encendido del aire acondicionado. De hecho, el confort<\/strong> de verano sin aire acondicionado se mantiene por m\u00e1s tiempo, y solo durante el per\u00edodo m\u00e1s caluroso debe activarse el sistema de climatizaci\u00f3n.<\/p>\n<p>[\/et_pb_text][\/et_pb_column][\/et_pb_row][et_pb_row _builder_version=&#8221;4.16&#8243; _module_preset=&#8221;default&#8221; background_size=&#8221;initial&#8221; background_position=&#8221;top_left&#8221; background_repeat=&#8221;repeat&#8221; custom_padding=&#8221;||||false|false&#8221; global_colors_info=&#8221;{}&#8221;][et_pb_column type=&#8221;4_4&#8243; _builder_version=&#8221;4.16&#8243; _module_preset=&#8221;default&#8221; global_colors_info=&#8221;{}&#8221;][et_pb_text ul_position=&#8221;inside&#8221; ul_item_indent=&#8221;25px&#8221; _builder_version=&#8221;4.17.6&#8243; _module_preset=&#8221;default&#8221; header_2_font=&#8221;||||||||&#8221; header_2_text_color=&#8221;gcid-70ff693f-6f97-4074-be90-9adb196c4afe&#8221; header_2_font_size=&#8221;24px&#8221; header_2_line_height=&#8221;1.7em&#8221; header_3_text_color=&#8221;gcid-70ff693f-6f97-4074-be90-9adb196c4afe&#8221; header_3_font_size=&#8221;24px&#8221; locked=&#8221;off&#8221; global_colors_info=&#8221;{%22gcid-70ff693f-6f97-4074-be90-9adb196c4afe%22:%91%22header_3_text_color%22,%22header_3_text_color%22,%22header_3_text_color%22,%22header_3_text_color%22,%22header_2_text_color%22,%22header_3_text_color%22,%22header_3_text_color%22,%22header_3_text_color%22,%22header_3_text_color%22%93,%22gcid-93af2058-a512-4f99-b20c-ff5335d6c808%22:%91%22header_2_text_color%22,%22header_2_text_color%22,%22header_2_text_color%22,%22header_2_text_color%22%93}&#8221;]<\/p>\n<h2>Aumento del setpoint del aire acondicionado<\/h2>\n<p><strong>La mejora del confort t\u00e9rmico<\/strong> relacionada con el aumento de la velocidad del aire (hasta 3\u202f\u00b0C de ganancia en la temperatura percibida) <strong>permite aumentar el setpoint del aire acondicionado.<\/strong><\/p>\n<p>El diagrama siguiente muestra de hecho la notable ganancia de sensaci\u00f3n de frescor vinculada al aumento de la velocidad del aire, proporcionada por los ventiladores de techo.<\/p>\n<p>[\/et_pb_text][et_pb_image src=&#8221;https:\/\/www.brasseurs-air-re2020.com\/wp-content\/uploads\/2025\/10\/enfriamiento-percibido-en-funcion-de-la-velocidad-del-aire-01-ESP-300&#215;286.jpg&#8221; title_text=&#8221;enfriamiento-percibido-en-funcion-de-la-velocidad-del-aire-01-ESP&#8221; _builder_version=&#8221;4.16&#8243; _module_preset=&#8221;default&#8221; global_colors_info=&#8221;{}&#8221;][\/et_pb_image][et_pb_text ul_position=&#8221;inside&#8221; ul_item_indent=&#8221;25px&#8221; _builder_version=&#8221;4.16&#8243; _module_preset=&#8221;default&#8221; header_2_font=&#8221;|600||on|||||&#8221; header_2_text_color=&#8221;gcid-93af2058-a512-4f99-b20c-ff5335d6c808&#8243; header_2_line_height=&#8221;1.7em&#8221; header_3_text_color=&#8221;gcid-70ff693f-6f97-4074-be90-9adb196c4afe&#8221; header_3_font_size=&#8221;24px&#8221; locked=&#8221;off&#8221; global_colors_info=&#8221;{%22gcid-93af2058-a512-4f99-b20c-ff5335d6c808%22:%91%22header_2_text_color%22%93,%22gcid-70ff693f-6f97-4074-be90-9adb196c4afe%22:%91%22header_3_text_color%22%93}&#8221;]<\/p>\n<p><em>Figura 1 \u2013 Sensaci\u00f3n de frescor en funci\u00f3n de la velocidad del aire, extra\u00edda de la Gu\u00eda de Ventilaci\u00f3n Woods.<\/em><\/p>\n<p>Al acortar la temporada de aire acondicionado por un lado y aumentar el setpoint del aire acondicionado por otro, los ahorros energ\u00e9ticos son considerables. Un <a href=\"https:\/\/citeseerx.ist.psu.edu\/viewdoc\/download?doi=10.1.1.473.3014&amp;rep=rep1&amp;type=pdf\" target=\"_blank\" rel=\"noopener\">estudio estadounidense<\/a> menciona un ahorro de consumo energ\u00e9tico de entre el 7 y el 10\u202f% por cada grado de aumento del setpoint.<\/p>\n<p>As\u00ed, al elevar el setpoint del aire acondicionado de 24 a 28\u202f\u00b0C, se puede reducir el consumo de energ\u00eda entre un 30 y un 40\u202f%. El confort del usuario se mantiene al nivel \u00f3ptimo gracias a esta acci\u00f3n.<\/p>\n<p>[\/et_pb_text][\/et_pb_column][\/et_pb_row][et_pb_row _builder_version=&#8221;4.16&#8243; _module_preset=&#8221;default&#8221; background_size=&#8221;initial&#8221; background_position=&#8221;top_left&#8221; background_repeat=&#8221;repeat&#8221; width=&#8221;90%&#8221; max_width=&#8221;100%&#8221; custom_padding=&#8221;||||false|false&#8221; global_colors_info=&#8221;{}&#8221;][et_pb_column type=&#8221;4_4&#8243; _builder_version=&#8221;4.16&#8243; _module_preset=&#8221;default&#8221; global_colors_info=&#8221;{}&#8221;][et_pb_button button_url=&#8221;@ET-DC@eyJkeW5hbWljIjp0cnVlLCJjb250ZW50IjoicG9zdF9saW5rX3VybF9wYWdlIiwic2V0dGluZ3MiOnsicG9zdF9pZCI6IjY5In19@&#8221; button_text=&#8221;Acceda al Espacio Pro&#8221; button_alignment=&#8221;center&#8221; _builder_version=&#8221;4.10.8&#8243; _dynamic_attributes=&#8221;button_url&#8221; _module_preset=&#8221;default&#8221; custom_button=&#8221;on&#8221; button_text_size=&#8221;16px&#8221; button_text_color=&#8221;#FFFFFF&#8221; button_bg_color=&#8221;gcid-93af2058-a512-4f99-b20c-ff5335d6c808&#8243; button_border_width=&#8221;0px&#8221; button_border_radius=&#8221;0px&#8221; button_letter_spacing=&#8221;1px&#8221; button_font=&#8221;|600||on|||||&#8221; custom_margin=&#8221;5px||20px||false|false&#8221; custom_padding=&#8221;10px|30px|10px|20px|true|false&#8221; global_module=&#8221;167&#8243; saved_tabs=&#8221;all&#8221; locked=&#8221;off&#8221; global_colors_info=&#8221;{%22gcid-93af2058-a512-4f99-b20c-ff5335d6c808%22:%91%22button_bg_color%22%93}&#8221;][\/et_pb_button][\/et_pb_column][\/et_pb_row][\/et_pb_section][et_pb_section fb_built=&#8221;1&#8243; _builder_version=&#8221;4.16&#8243; _module_preset=&#8221;default&#8221; custom_padding=&#8221;0px||||false|false&#8221; locked=&#8221;off&#8221; global_colors_info=&#8221;{}&#8221;][et_pb_row _builder_version=&#8221;4.10.8&#8243; _module_preset=&#8221;default&#8221; global_module=&#8221;1219&#8243; saved_tabs=&#8221;all&#8221; global_colors_info=&#8221;{}&#8221;][et_pb_column type=&#8221;4_4&#8243; _builder_version=&#8221;4.16&#8243; _module_preset=&#8221;default&#8221; global_colors_info=&#8221;{}&#8221;][et_pb_text _builder_version=&#8221;4.17.6&#8243; _module_preset=&#8221;default&#8221; header_2_font=&#8221;|600||on|||||&#8221; header_2_text_color=&#8221;gcid-93af2058-a512-4f99-b20c-ff5335d6c808&#8243; header_4_font=&#8221;|600||on|||||&#8221; header_4_text_color=&#8221;gcid-93af2058-a512-4f99-b20c-ff5335d6c808&#8243; header_4_font_size=&#8221;26px&#8221; custom_margin=&#8221;||10px||false|false&#8221; custom_padding=&#8221;||||false|false&#8221; locked=&#8221;off&#8221; global_colors_info=&#8221;{%22gcid-93af2058-a512-4f99-b20c-ff5335d6c808%22:%91%22header_2_text_color%22,%22header_2_text_color%22,%22header_4_text_color%22%93}&#8221;]<\/p>\n<h4>\u00bfTiene preguntas? \u00a1Cont\u00e1ctenos!<\/h4>\n<\/p>\n<p>Tel.: <a href=\"tel:+33492389650\">04 92 38 96 50<\/a><br \/>Correo electr\u00f3nico: <a href=\"mailto:contact@brasseurs-air-re2020.com\">contact@brasseurs-air-re2020.com<\/a><\/p>\n<p>[\/et_pb_text][et_pb_contact_form use_spam_service=&#8221;on&#8221; recaptcha_list=&#8221;brasseurs-air-re2020com Divi|brasseurs-air-re2020com Divi-0&#8243; email=&#8221;contact@brasseurs-air-re2020.com&#8221; custom_message=&#8221;brasseurs-air-re2020 : Informations blocs ESPAGNOL||et_pb_line_break_holder||||et_pb_line_break_holder||Nom : %%last_Name%%||et_pb_line_break_holder||Pr\u00e9nom : %%first_Name%%||et_pb_line_break_holder||Email : %%email%%||et_pb_line_break_holder||T\u00e9l\u00e9phone : %%telephone%%||et_pb_line_break_holder||Code postal : %%postal%%||et_pb_line_break_holder||Ville : %%ville%%||et_pb_line_break_holder||Message : %%message%%&#8221; submit_button_text=&#8221;Enviar&#8221; _builder_version=&#8221;4.16&#8243; _module_preset=&#8221;default&#8221; _unique_id=&#8221;32a7c5bf-d41f-46c2-8c55-e59246653156&#8243; form_field_custom_margin=&#8221;0px||15px||false|false&#8221; form_field_custom_padding=&#8221;13px||13px||true|false&#8221; form_field_font_size=&#8221;14px&#8221; form_field_line_height=&#8221;1em&#8221; custom_button=&#8221;on&#8221; button_text_color=&#8221;#ffffff&#8221; button_bg_color=&#8221;gcid-93af2058-a512-4f99-b20c-ff5335d6c808&#8243; button_custom_margin=&#8221;20px||||false|false&#8221; custom_margin=&#8221;||||false|false&#8221; custom_padding=&#8221;||||false|false&#8221; global_colors_info=&#8221;{%22gcid-93af2058-a512-4f99-b20c-ff5335d6c808%22:%91%22button_bg_color%22%93}&#8221;][et_pb_contact_field field_id=&#8221;last_Name&#8221; field_title=&#8221;Apellido&#8221; _builder_version=&#8221;4.16&#8243; global_colors_info=&#8221;{}&#8221; button_text_size__hover_enabled=&#8221;off&#8221; button_one_text_size__hover_enabled=&#8221;off&#8221; button_two_text_size__hover_enabled=&#8221;off&#8221; button_text_color__hover_enabled=&#8221;off&#8221; button_one_text_color__hover_enabled=&#8221;off&#8221; button_two_text_color__hover_enabled=&#8221;off&#8221; button_border_width__hover_enabled=&#8221;off&#8221; button_one_border_width__hover_enabled=&#8221;off&#8221; button_two_border_width__hover_enabled=&#8221;off&#8221; button_border_color__hover_enabled=&#8221;off&#8221; button_one_border_color__hover_enabled=&#8221;off&#8221; button_two_border_color__hover_enabled=&#8221;off&#8221; button_border_radius__hover_enabled=&#8221;off&#8221; button_one_border_radius__hover_enabled=&#8221;off&#8221; button_two_border_radius__hover_enabled=&#8221;off&#8221; button_letter_spacing__hover_enabled=&#8221;off&#8221; button_one_letter_spacing__hover_enabled=&#8221;off&#8221; button_two_letter_spacing__hover_enabled=&#8221;off&#8221; button_bg_color__hover_enabled=&#8221;off&#8221; button_one_bg_color__hover_enabled=&#8221;off&#8221; button_two_bg_color__hover_enabled=&#8221;off&#8221;][\/et_pb_contact_field][et_pb_contact_field field_id=&#8221;first_Name&#8221; field_title=&#8221;Nombre&#8221; _builder_version=&#8221;4.16&#8243; global_colors_info=&#8221;{}&#8221; button_text_size__hover_enabled=&#8221;off&#8221; button_one_text_size__hover_enabled=&#8221;off&#8221; button_two_text_size__hover_enabled=&#8221;off&#8221; button_text_color__hover_enabled=&#8221;off&#8221; button_one_text_color__hover_enabled=&#8221;off&#8221; button_two_text_color__hover_enabled=&#8221;off&#8221; button_border_width__hover_enabled=&#8221;off&#8221; button_one_border_width__hover_enabled=&#8221;off&#8221; button_two_border_width__hover_enabled=&#8221;off&#8221; button_border_color__hover_enabled=&#8221;off&#8221; button_one_border_color__hover_enabled=&#8221;off&#8221; button_two_border_color__hover_enabled=&#8221;off&#8221; button_border_radius__hover_enabled=&#8221;off&#8221; button_one_border_radius__hover_enabled=&#8221;off&#8221; button_two_border_radius__hover_enabled=&#8221;off&#8221; button_letter_spacing__hover_enabled=&#8221;off&#8221; button_one_letter_spacing__hover_enabled=&#8221;off&#8221; button_two_letter_spacing__hover_enabled=&#8221;off&#8221; button_bg_color__hover_enabled=&#8221;off&#8221; button_one_bg_color__hover_enabled=&#8221;off&#8221; button_two_bg_color__hover_enabled=&#8221;off&#8221;][\/et_pb_contact_field][et_pb_contact_field field_id=&#8221;email&#8221; field_title=&#8221;Correo electr\u00f3nico&#8221; field_type=&#8221;email&#8221; _builder_version=&#8221;4.16&#8243; global_colors_info=&#8221;{}&#8221; button_text_size__hover_enabled=&#8221;off&#8221; button_one_text_size__hover_enabled=&#8221;off&#8221; button_two_text_size__hover_enabled=&#8221;off&#8221; button_text_color__hover_enabled=&#8221;off&#8221; button_one_text_color__hover_enabled=&#8221;off&#8221; button_two_text_color__hover_enabled=&#8221;off&#8221; button_border_width__hover_enabled=&#8221;off&#8221; button_one_border_width__hover_enabled=&#8221;off&#8221; button_two_border_width__hover_enabled=&#8221;off&#8221; button_border_color__hover_enabled=&#8221;off&#8221; button_one_border_color__hover_enabled=&#8221;off&#8221; button_two_border_color__hover_enabled=&#8221;off&#8221; button_border_radius__hover_enabled=&#8221;off&#8221; button_one_border_radius__hover_enabled=&#8221;off&#8221; button_two_border_radius__hover_enabled=&#8221;off&#8221; button_letter_spacing__hover_enabled=&#8221;off&#8221; button_one_letter_spacing__hover_enabled=&#8221;off&#8221; button_two_letter_spacing__hover_enabled=&#8221;off&#8221; button_bg_color__hover_enabled=&#8221;off&#8221; button_one_bg_color__hover_enabled=&#8221;off&#8221; button_two_bg_color__hover_enabled=&#8221;off&#8221;][\/et_pb_contact_field][et_pb_contact_field field_id=&#8221;telephone&#8221; field_title=&#8221;Tel\u00e9fono&#8221; _builder_version=&#8221;4.16&#8243; _module_preset=&#8221;default&#8221; global_colors_info=&#8221;{}&#8221;][\/et_pb_contact_field][et_pb_contact_field field_id=&#8221;postal&#8221; field_title=&#8221;C\u00f3digo postal&#8221; _builder_version=&#8221;4.16&#8243; _module_preset=&#8221;default&#8221; global_colors_info=&#8221;{}&#8221;][\/et_pb_contact_field][et_pb_contact_field field_id=&#8221;ville&#8221; field_title=&#8221;Ciudad&#8221; _builder_version=&#8221;4.16&#8243; _module_preset=&#8221;default&#8221; global_colors_info=&#8221;{}&#8221;][\/et_pb_contact_field][et_pb_contact_field field_id=&#8221;message&#8221; field_title=&#8221;Su mensaje&#8221; field_type=&#8221;text&#8221; fullwidth_field=&#8221;on&#8221; _builder_version=&#8221;4.16&#8243; global_colors_info=&#8221;{}&#8221; button_text_size__hover_enabled=&#8221;off&#8221; button_one_text_size__hover_enabled=&#8221;off&#8221; button_two_text_size__hover_enabled=&#8221;off&#8221; button_text_color__hover_enabled=&#8221;off&#8221; button_one_text_color__hover_enabled=&#8221;off&#8221; button_two_text_color__hover_enabled=&#8221;off&#8221; button_border_width__hover_enabled=&#8221;off&#8221; button_one_border_width__hover_enabled=&#8221;off&#8221; button_two_border_width__hover_enabled=&#8221;off&#8221; button_border_color__hover_enabled=&#8221;off&#8221; button_one_border_color__hover_enabled=&#8221;off&#8221; button_two_border_color__hover_enabled=&#8221;off&#8221; button_border_radius__hover_enabled=&#8221;off&#8221; button_one_border_radius__hover_enabled=&#8221;off&#8221; button_two_border_radius__hover_enabled=&#8221;off&#8221; button_letter_spacing__hover_enabled=&#8221;off&#8221; button_one_letter_spacing__hover_enabled=&#8221;off&#8221; button_two_letter_spacing__hover_enabled=&#8221;off&#8221; button_bg_color__hover_enabled=&#8221;off&#8221; button_one_bg_color__hover_enabled=&#8221;off&#8221; button_two_bg_color__hover_enabled=&#8221;off&#8221;][\/et_pb_contact_field][\/et_pb_contact_form][\/et_pb_column][\/et_pb_row][\/et_pb_section][et_pb_section fb_built=&#8221;1&#8243; module_id=&#8221;selection&#8221; _builder_version=&#8221;4.16&#8243; _module_preset=&#8221;default&#8221; background_color=&#8221;gcid-bd6b5a76-a616-4b55-93a8-e115d2422fa0&#8243; module_alignment=&#8221;center&#8221; custom_padding=&#8221;0px||30px||false|false&#8221; global_module=&#8221;1229&#8243; saved_tabs=&#8221;all&#8221; locked=&#8221;off&#8221; global_colors_info=&#8221;{%22gcid-bd6b5a76-a616-4b55-93a8-e115d2422fa0%22:%91%22background_color%22%93}&#8221;][et_pb_row column_structure=&#8221;1_3,1_3,1_3&#8243; use_custom_gutter=&#8221;on&#8221; gutter_width=&#8221;2&#8243; make_equal=&#8221;on&#8221; _builder_version=&#8221;4.16&#8243; _module_preset=&#8221;default&#8221; custom_margin=&#8221;||||false|false&#8221; custom_padding=&#8221;||0px||false|false&#8221; global_colors_info=&#8221;{}&#8221;][et_pb_column type=&#8221;1_3&#8243; _builder_version=&#8221;4.16&#8243; _dynamic_attributes=&#8221;link_option_url&#8221; _module_preset=&#8221;default&#8221; background_color=&#8221;#FFFFFF&#8221; custom_padding=&#8221;10px|10px|17px|10px|false|true&#8221; link_option_url=&#8221;@ET-DC@eyJkeW5hbWljIjp0cnVlLCJjb250ZW50IjoicG9zdF9saW5rX3VybF9wYWdlIiwic2V0dGluZ3MiOnsicG9zdF9pZCI6IjE1ODUifX0=@&#8221; global_colors_info=&#8221;{}&#8221;][et_pb_image src=&#8221;https:\/\/www.brasseurs-air-re2020.com\/wp-content\/uploads\/2021\/12\/picto-re2020-reglementation-02.jpg&#8221; title_text=&#8221;picto-re2020-reglementation-02-mobile&#8221; align=&#8221;center&#8221; src_tablet=&#8221;&#8221; src_phone=&#8221;https:\/\/www.brasseurs-air-re2020.com\/wp-content\/uploads\/2023\/04\/picto-re2020-reglementation-02-mobile.webp&#8221; src_last_edited=&#8221;on|phone&#8221; _builder_version=&#8221;4.17.6&#8243; _module_preset=&#8221;default&#8221; custom_margin=&#8221;||5px||false|false&#8221; global_colors_info=&#8221;{}&#8221;][\/et_pb_image][et_pb_text _builder_version=&#8221;4.16&#8243; _module_preset=&#8221;default&#8221; text_orientation=&#8221;center&#8221; global_colors_info=&#8221;{}&#8221;]<\/p>\n<p>RE2020: \u00bfQu\u00e9 es la Regulaci\u00f3n Ambiental 2020?<\/p>\n<p>[\/et_pb_text][et_pb_text _builder_version=&#8221;4.16&#8243; _module_preset=&#8221;default&#8221; background_color=&#8221;gcid-bd6b5a76-a616-4b55-93a8-e115d2422fa0&#8243; text_orientation=&#8221;center&#8221; global_colors_info=&#8221;{%22gcid-bd6b5a76-a616-4b55-93a8-e115d2422fa0%22:%91%22background_color%22%93}&#8221;]<\/p>\n<p><span class=\"TextRun SCXW193236550 BCX0\" lang=\"ES-ES\" xml:lang=\"ES-ES\" data-contrast=\"auto\"><span class=\"NormalTextRun SCXW193236550 BCX0\" data-ccp-parastyle=\"Body Text\">Leer m\u00e1s<\/span><\/span><\/p>\n<p>[\/et_pb_text][\/et_pb_column][et_pb_column type=&#8221;1_3&#8243; _builder_version=&#8221;4.16&#8243; _dynamic_attributes=&#8221;link_option_url&#8221; _module_preset=&#8221;default&#8221; background_color=&#8221;#FFFFFF&#8221; custom_padding=&#8221;10px|10px|17px|10px|false|true&#8221; link_option_url=&#8221;@ET-DC@eyJkeW5hbWljIjp0cnVlLCJjb250ZW50IjoicG9zdF9saW5rX3VybF9wYWdlIiwic2V0dGluZ3MiOnsicG9zdF9pZCI6IjEyMTQifX0=@&#8221; global_colors_info=&#8221;{}&#8221;][et_pb_image src=&#8221;https:\/\/www.brasseurs-air-re2020.com\/wp-content\/uploads\/2021\/12\/picto-confort-ete-02.jpg&#8221; title_text=&#8221;picto-confort-ete-02-mobile&#8221; align=&#8221;center&#8221; src_tablet=&#8221;&#8221; src_phone=&#8221;https:\/\/www.brasseurs-air-re2020.com\/wp-content\/uploads\/2023\/04\/picto-confort-ete-02-mobile.webp&#8221; src_last_edited=&#8221;on|desktop&#8221; _builder_version=&#8221;4.17.6&#8243; _module_preset=&#8221;default&#8221; custom_margin=&#8221;||5px||false|false&#8221; global_colors_info=&#8221;{}&#8221;][\/et_pb_image][et_pb_text _builder_version=&#8221;4.16&#8243; _module_preset=&#8221;default&#8221; text_orientation=&#8221;center&#8221; global_colors_info=&#8221;{}&#8221;]<\/p>\n<p>Confort de verano y RE2020:<br \/>\u00bfqu\u00e9 hay de nuevo?<\/p>\n<p>[\/et_pb_text][et_pb_text _builder_version=&#8221;4.16&#8243; _module_preset=&#8221;default&#8221; background_color=&#8221;gcid-bd6b5a76-a616-4b55-93a8-e115d2422fa0&#8243; text_orientation=&#8221;center&#8221; global_colors_info=&#8221;{%22gcid-bd6b5a76-a616-4b55-93a8-e115d2422fa0%22:%91%22background_color%22%93}&#8221;]<\/p>\n<p><span class=\"TextRun SCXW193236550 BCX0\" lang=\"ES-ES\" xml:lang=\"ES-ES\" data-contrast=\"auto\"><span class=\"NormalTextRun SCXW193236550 BCX0\" data-ccp-parastyle=\"Body Text\">Leer m\u00e1s<\/span><\/span><\/p>\n<p>[\/et_pb_text][\/et_pb_column][et_pb_column type=&#8221;1_3&#8243; _builder_version=&#8221;4.16&#8243; _dynamic_attributes=&#8221;link_option_url&#8221; _module_preset=&#8221;default&#8221; background_color=&#8221;#FFFFFF&#8221; custom_padding=&#8221;10px|10px|17px|10px|false|true&#8221; link_option_url=&#8221;@ET-DC@eyJkeW5hbWljIjp0cnVlLCJjb250ZW50IjoicG9zdF9saW5rX3VybF9wYWdlIiwic2V0dGluZ3MiOnsicG9zdF9pZCI6IjEyMzMifX0=@&#8221; global_colors_info=&#8221;{}&#8221;][et_pb_image src=&#8221;https:\/\/www.brasseurs-air-re2020.com\/wp-content\/uploads\/2021\/12\/picto-pourquoi-brasseurs-importants-bleu-02.jpg&#8221; title_text=&#8221;picto-pourquoi-brasseurs-importants-bleu-02-mobile&#8221; align=&#8221;center&#8221; src_tablet=&#8221;&#8221; src_phone=&#8221;https:\/\/www.brasseurs-air-re2020.com\/wp-content\/uploads\/2023\/04\/picto-pourquoi-brasseurs-importants-bleu-02-mobile.webp&#8221; src_last_edited=&#8221;on|phone&#8221; _builder_version=&#8221;4.17.6&#8243; _module_preset=&#8221;default&#8221; custom_margin=&#8221;||5px||false|false&#8221; global_colors_info=&#8221;{}&#8221;][\/et_pb_image][et_pb_text _builder_version=&#8221;4.16&#8243; _module_preset=&#8221;default&#8221; text_orientation=&#8221;center&#8221; global_colors_info=&#8221;{}&#8221;]<\/p>\n<p>\u00bfPor qu\u00e9 los ventiladores de techo son tan importantes en la RE2020?<\/p>\n<p>[\/et_pb_text][et_pb_text _builder_version=&#8221;4.16&#8243; _module_preset=&#8221;default&#8221; background_color=&#8221;gcid-bd6b5a76-a616-4b55-93a8-e115d2422fa0&#8243; text_orientation=&#8221;center&#8221; global_colors_info=&#8221;{%22gcid-bd6b5a76-a616-4b55-93a8-e115d2422fa0%22:%91%22background_color%22%93}&#8221;]<\/p>\n<p><span class=\"TextRun SCXW193236550 BCX0\" lang=\"ES-ES\" xml:lang=\"ES-ES\" data-contrast=\"auto\"><span class=\"NormalTextRun SCXW193236550 BCX0\" data-ccp-parastyle=\"Body Text\">Leer m\u00e1s<\/span><\/span><\/p>\n<p>[\/et_pb_text][\/et_pb_column][\/et_pb_row][et_pb_row column_structure=&#8221;1_3,1_3,1_3&#8243; use_custom_gutter=&#8221;on&#8221; gutter_width=&#8221;2&#8243; make_equal=&#8221;on&#8221; _builder_version=&#8221;4.16&#8243; _module_preset=&#8221;default&#8221; custom_margin=&#8221;||||false|false&#8221; custom_padding=&#8221;||0px||false|false&#8221; global_colors_info=&#8221;{}&#8221;][et_pb_column type=&#8221;1_3&#8243; _builder_version=&#8221;4.16&#8243; _dynamic_attributes=&#8221;link_option_url&#8221; _module_preset=&#8221;default&#8221; background_color=&#8221;#FFFFFF&#8221; custom_padding=&#8221;10px|10px|17px|10px|false|true&#8221; link_option_url=&#8221;@ET-DC@eyJkeW5hbWljIjp0cnVlLCJjb250ZW50IjoicG9zdF9saW5rX3VybF9wYWdlIiwic2V0dGluZ3MiOnsicG9zdF9pZCI6IjEyNDEifX0=@&#8221; global_colors_info=&#8221;{}&#8221;][et_pb_image src=&#8221;https:\/\/www.brasseurs-air-re2020.com\/wp-content\/uploads\/2021\/12\/picto-ou-trouver-information-technique-bleu-02.jpg&#8221; title_text=&#8221;picto-ou-trouver-information-technique-bleu-02-moblie&#8221; align=&#8221;center&#8221; src_tablet=&#8221;&#8221; src_phone=&#8221;https:\/\/www.brasseurs-air-re2020.com\/wp-content\/uploads\/2023\/04\/picto-ou-trouver-information-technique-bleu-02-moblie.webp&#8221; src_last_edited=&#8221;on|phone&#8221; _builder_version=&#8221;4.17.6&#8243; _module_preset=&#8221;default&#8221; custom_margin=&#8221;||5px||false|false&#8221; global_colors_info=&#8221;{}&#8221;][\/et_pb_image][et_pb_text _builder_version=&#8221;4.16&#8243; _module_preset=&#8221;default&#8221; text_orientation=&#8221;center&#8221; global_colors_info=&#8221;{}&#8221;]<\/p>\n<p>\u00bfD\u00f3nde encontrar informaci\u00f3n t\u00e9cnica detallada para profesionales?<\/p>\n<p>[\/et_pb_text][et_pb_text _builder_version=&#8221;4.16&#8243; _module_preset=&#8221;default&#8221; background_color=&#8221;gcid-bd6b5a76-a616-4b55-93a8-e115d2422fa0&#8243; text_orientation=&#8221;center&#8221; global_colors_info=&#8221;{%22gcid-bd6b5a76-a616-4b55-93a8-e115d2422fa0%22:%91%22background_color%22%93}&#8221;]<\/p>\n<p><span class=\"TextRun SCXW193236550 BCX0\" lang=\"ES-ES\" xml:lang=\"ES-ES\" data-contrast=\"auto\"><span class=\"NormalTextRun SCXW193236550 BCX0\" data-ccp-parastyle=\"Body Text\">Leer m\u00e1s<\/span><\/span><\/p>\n<p>[\/et_pb_text][\/et_pb_column][et_pb_column type=&#8221;1_3&#8243; _builder_version=&#8221;4.16&#8243; _dynamic_attributes=&#8221;link_option_url&#8221; _module_preset=&#8221;default&#8221; background_color=&#8221;#FFFFFF&#8221; custom_padding=&#8221;10px|10px|17px|10px|false|true&#8221; link_option_url=&#8221;@ET-DC@eyJkeW5hbWljIjp0cnVlLCJjb250ZW50IjoicG9zdF9saW5rX3VybF9wYWdlIiwic2V0dGluZ3MiOnsicG9zdF9pZCI6IjEyNTAifX0=@&#8221; global_colors_info=&#8221;{}&#8221;][et_pb_image src=&#8221;https:\/\/www.brasseurs-air-re2020.com\/wp-content\/uploads\/2021\/12\/pictos-couplage-brasseur-air-climatisation-bleu-02.jpg&#8221; title_text=&#8221;pictos-couplage-brasseur-air-climatisation-bleu-02-mobile&#8221; align=&#8221;center&#8221; src_tablet=&#8221;&#8221; src_phone=&#8221;https:\/\/www.brasseurs-air-re2020.com\/wp-content\/uploads\/2023\/04\/pictos-couplage-brasseur-air-climatisation-bleu-02-mobile.webp&#8221; src_last_edited=&#8221;on|phone&#8221; _builder_version=&#8221;4.17.6&#8243; _module_preset=&#8221;default&#8221; custom_margin=&#8221;||5px||false|false&#8221; global_colors_info=&#8221;{}&#8221;][\/et_pb_image][et_pb_text _builder_version=&#8221;4.16&#8243; _module_preset=&#8221;default&#8221; text_orientation=&#8221;center&#8221; global_colors_info=&#8221;{}&#8221;]<\/p>\n<p>\u00bfEst\u00e1 integrado en la RE2020 el uso combinado de ventiladores de techo con el aire acondicionado?<\/p>\n<p>[\/et_pb_text][et_pb_text _builder_version=&#8221;4.16&#8243; _module_preset=&#8221;default&#8221; background_color=&#8221;gcid-bd6b5a76-a616-4b55-93a8-e115d2422fa0&#8243; text_orientation=&#8221;center&#8221; global_colors_info=&#8221;{%22gcid-bd6b5a76-a616-4b55-93a8-e115d2422fa0%22:%91%22background_color%22%93}&#8221;]<\/p>\n<p><span class=\"TextRun SCXW193236550 BCX0\" lang=\"ES-ES\" xml:lang=\"ES-ES\" data-contrast=\"auto\"><span class=\"NormalTextRun SCXW193236550 BCX0\" data-ccp-parastyle=\"Body Text\">Leer m\u00e1s<\/span><\/span><\/p>\n<p>[\/et_pb_text][\/et_pb_column][et_pb_column type=&#8221;1_3&#8243; _builder_version=&#8221;4.16&#8243; _dynamic_attributes=&#8221;link_option_url&#8221; _module_preset=&#8221;default&#8221; background_color=&#8221;#FFFFFF&#8221; custom_padding=&#8221;10px|10px|17px|10px|false|true&#8221; link_option_url=&#8221;@ET-DC@eyJkeW5hbWljIjp0cnVlLCJjb250ZW50IjoicG9zdF9saW5rX3VybF9wYWdlIiwic2V0dGluZ3MiOnsicG9zdF9pZCI6IjEyNTkifX0=@&#8221; global_colors_info=&#8221;{}&#8221;][et_pb_image src=&#8221;https:\/\/www.brasseurs-air-re2020.com\/wp-content\/uploads\/2021\/12\/pictos-re2020-batiments-neufs-bleu-02b.jpg&#8221; title_text=&#8221;pictos-re2020-batiments-neufs-bleu-02-mobile&#8221; align=&#8221;center&#8221; src_tablet=&#8221;&#8221; src_phone=&#8221;https:\/\/www.brasseurs-air-re2020.com\/wp-content\/uploads\/2023\/04\/pictos-re2020-batiments-neufs-bleu-02-mobile.webp&#8221; src_last_edited=&#8221;on|phone&#8221; _builder_version=&#8221;4.17.6&#8243; _module_preset=&#8221;default&#8221; custom_margin=&#8221;||5px||false|false&#8221; global_colors_info=&#8221;{}&#8221;][\/et_pb_image][et_pb_text _builder_version=&#8221;4.16&#8243; _module_preset=&#8221;default&#8221; text_orientation=&#8221;center&#8221; global_colors_info=&#8221;{}&#8221;]<\/p>\n<p>\u00bfSe aplica la RE2020 a todos los edificios nuevos?<\/p>\n<p>[\/et_pb_text][et_pb_text _builder_version=&#8221;4.16&#8243; _module_preset=&#8221;default&#8221; background_color=&#8221;gcid-bd6b5a76-a616-4b55-93a8-e115d2422fa0&#8243; text_orientation=&#8221;center&#8221; global_colors_info=&#8221;{%22gcid-bd6b5a76-a616-4b55-93a8-e115d2422fa0%22:%91%22background_color%22%93}&#8221;]<\/p>\n<p><span class=\"TextRun SCXW193236550 BCX0\" lang=\"ES-ES\" xml:lang=\"ES-ES\" data-contrast=\"auto\"><span class=\"NormalTextRun SCXW193236550 BCX0\" data-ccp-parastyle=\"Body Text\">Leer m\u00e1s<\/span><\/span><\/p>\n<p>[\/et_pb_text][\/et_pb_column][\/et_pb_row][et_pb_row column_structure=&#8221;1_3,1_3,1_3&#8243; use_custom_gutter=&#8221;on&#8221; gutter_width=&#8221;2&#8243; make_equal=&#8221;on&#8221; _builder_version=&#8221;4.16&#8243; _module_preset=&#8221;default&#8221; global_colors_info=&#8221;{}&#8221;][et_pb_column type=&#8221;1_3&#8243; _builder_version=&#8221;4.16&#8243; _dynamic_attributes=&#8221;link_option_url&#8221; _module_preset=&#8221;default&#8221; background_color=&#8221;#FFFFFF&#8221; custom_padding=&#8221;10px|10px|17px|10px|false|true&#8221; link_option_url=&#8221;@ET-DC@eyJkeW5hbWljIjp0cnVlLCJjb250ZW50IjoicG9zdF9saW5rX3VybF9wYWdlIiwic2V0dGluZ3MiOnsicG9zdF9pZCI6IjEyNzAifX0=@&#8221; global_colors_info=&#8221;{}&#8221;][et_pb_image src=&#8221;https:\/\/www.brasseurs-air-re2020.com\/wp-content\/uploads\/2021\/12\/pictos-re2020-batiments-existants-bleu-02.jpg&#8221; title_text=&#8221;pictos-re2020-batiments-existants-bleu-02-mobile&#8221; align=&#8221;center&#8221; src_tablet=&#8221;&#8221; src_phone=&#8221;https:\/\/www.brasseurs-air-re2020.com\/wp-content\/uploads\/2023\/04\/pictos-re2020-batiments-existants-bleu-02-mobile.webp&#8221; src_last_edited=&#8221;on|phone&#8221; _builder_version=&#8221;4.17.6&#8243; _module_preset=&#8221;default&#8221; custom_margin=&#8221;||5px||false|false&#8221; global_colors_info=&#8221;{}&#8221;][\/et_pb_image][et_pb_text _builder_version=&#8221;4.16&#8243; _module_preset=&#8221;default&#8221; text_orientation=&#8221;center&#8221; global_colors_info=&#8221;{}&#8221;]<\/p>\n<p>\u00bfSe aplica la RE2020 a los edificios existentes?<\/p>\n<p>[\/et_pb_text][et_pb_text _builder_version=&#8221;4.16&#8243; _module_preset=&#8221;default&#8221; background_color=&#8221;gcid-bd6b5a76-a616-4b55-93a8-e115d2422fa0&#8243; text_orientation=&#8221;center&#8221; global_colors_info=&#8221;{%22gcid-bd6b5a76-a616-4b55-93a8-e115d2422fa0%22:%91%22background_color%22%93}&#8221;]<\/p>\n<p><span class=\"TextRun SCXW193236550 BCX0\" lang=\"ES-ES\" xml:lang=\"ES-ES\" data-contrast=\"auto\"><span class=\"NormalTextRun SCXW193236550 BCX0\" data-ccp-parastyle=\"Body Text\">Leer m\u00e1s<\/span><\/span><\/p>\n<p>[\/et_pb_text][\/et_pb_column][et_pb_column type=&#8221;1_3&#8243; _builder_version=&#8221;4.16&#8243; _dynamic_attributes=&#8221;link_option_url&#8221; _module_preset=&#8221;default&#8221; background_color=&#8221;#FFFFFF&#8221; custom_padding=&#8221;10px|10px|17px|10px|false|true&#8221; link_option_url=&#8221;@ET-DC@eyJkeW5hbWljIjp0cnVlLCJjb250ZW50IjoicG9zdF9saW5rX3VybF9wYWdlIiwic2V0dGluZ3MiOnsicG9zdF9pZCI6IjEyNzkifX0=@&#8221; global_colors_info=&#8221;{}&#8221;][et_pb_image src=&#8221;https:\/\/www.brasseurs-air-re2020.com\/wp-content\/uploads\/2021\/12\/pictos-securite-hauteur-sous-pales-bleu-02.jpg&#8221; title_text=&#8221;pictos-securite-hauteur-sous-pales-bleu-02-mobile&#8221; align=&#8221;center&#8221; src_tablet=&#8221;&#8221; src_phone=&#8221;https:\/\/www.brasseurs-air-re2020.com\/wp-content\/uploads\/2023\/04\/pictos-securite-hauteur-sous-pales-bleu-02-mobile.webp&#8221; src_last_edited=&#8221;on|phone&#8221; _builder_version=&#8221;4.17.6&#8243; _module_preset=&#8221;default&#8221; custom_margin=&#8221;||5px||false|false&#8221; global_colors_info=&#8221;{}&#8221;][\/et_pb_image][et_pb_text _builder_version=&#8221;4.16&#8243; _module_preset=&#8221;default&#8221; text_orientation=&#8221;center&#8221; global_colors_info=&#8221;{}&#8221;]<\/p>\n<p>\u00bfCu\u00e1les son las normas de seguridad respecto a la altura m\u00ednima bajo las aspas?<\/p>\n<p>[\/et_pb_text][et_pb_text _builder_version=&#8221;4.16&#8243; _module_preset=&#8221;default&#8221; background_color=&#8221;gcid-bd6b5a76-a616-4b55-93a8-e115d2422fa0&#8243; text_orientation=&#8221;center&#8221; global_colors_info=&#8221;{%22gcid-bd6b5a76-a616-4b55-93a8-e115d2422fa0%22:%91%22background_color%22%93}&#8221;]<\/p>\n<p><span class=\"TextRun SCXW193236550 BCX0\" lang=\"ES-ES\" xml:lang=\"ES-ES\" data-contrast=\"auto\"><span class=\"NormalTextRun SCXW193236550 BCX0\" data-ccp-parastyle=\"Body Text\">Leer m\u00e1s<\/span><\/span><\/p>\n<p>[\/et_pb_text][\/et_pb_column][et_pb_column type=&#8221;1_3&#8243; _builder_version=&#8221;4.16&#8243; _dynamic_attributes=&#8221;link_option_url&#8221; _module_preset=&#8221;default&#8221; background_color=&#8221;#FFFFFF&#8221; custom_padding=&#8221;10px|10px|17px|10px|false|true&#8221; link_option_url=&#8221;@ET-DC@eyJkeW5hbWljIjp0cnVlLCJjb250ZW50IjoicG9zdF9saW5rX3VybF9wYWdlIiwic2V0dGluZ3MiOnsicG9zdF9pZCI6IjEyODYifX0=@&#8221; global_colors_info=&#8221;{}&#8221;][et_pb_image src=&#8221;https:\/\/www.brasseurs-air-re2020.com\/wp-content\/uploads\/2021\/12\/pictos-brasseurs-air-difference-bleu-02.jpg&#8221; title_text=&#8221;pictos-brasseurs-air-difference-bleu-02-mobile&#8221; align=&#8221;center&#8221; src_tablet=&#8221;&#8221; src_phone=&#8221;https:\/\/www.brasseurs-air-re2020.com\/wp-content\/uploads\/2023\/04\/pictos-brasseurs-air-difference-bleu-02-mobile.webp&#8221; src_last_edited=&#8221;on|phone&#8221; _builder_version=&#8221;4.17.6&#8243; _module_preset=&#8221;default&#8221; custom_margin=&#8221;||5px||false|false&#8221; global_colors_info=&#8221;{}&#8221;][\/et_pb_image][et_pb_text _builder_version=&#8221;4.16&#8243; _module_preset=&#8221;default&#8221; text_orientation=&#8221;center&#8221; global_colors_info=&#8221;{}&#8221;]<\/p>\n<p>\u00bfEn qu\u00e9 se diferencian los ventiladores de techo de nuestro sitio de los dem\u00e1s?<\/p>\n<p>[\/et_pb_text][et_pb_text _builder_version=&#8221;4.16&#8243; _module_preset=&#8221;default&#8221; background_color=&#8221;gcid-bd6b5a76-a616-4b55-93a8-e115d2422fa0&#8243; text_orientation=&#8221;center&#8221; global_colors_info=&#8221;{%22gcid-bd6b5a76-a616-4b55-93a8-e115d2422fa0%22:%91%22background_color%22%93}&#8221;]<\/p>\n<p><span class=\"TextRun SCXW193236550 BCX0\" lang=\"ES-ES\" xml:lang=\"ES-ES\" data-contrast=\"auto\"><span class=\"NormalTextRun SCXW193236550 BCX0\" data-ccp-parastyle=\"Body Text\">Leer m\u00e1s<\/span><\/span><\/p>\n<p>[\/et_pb_text][\/et_pb_column][\/et_pb_row][\/et_pb_section]<\/p>\n","protected":false},"excerpt":{"rendered":"<p>Informaci\u00f3n \u00bfEst\u00e1 integrado en la RE2020 el uso combinado de ventiladores de techo con el aire acondicionado?No, esto forma parte de los puntos a mejorar en la RE2020. De hecho, las ganancias energ\u00e9ticas que los ventiladores de techo pueden aportar en edificios climatizados no est\u00e1n consideradas. En la pr\u00e1ctica, en este tipo de espacios, la [&hellip;]<\/p>\n","protected":false},"author":1,"featured_media":0,"parent":18830,"menu_order":0,"comment_status":"closed","ping_status":"closed","template":"","meta":{"_et_pb_use_builder":"on","_et_pb_old_content":"","_et_gb_content_width":"","footnotes":""},"class_list":["post-15645","page","type-page","status-publish","hentry"],"yoast_head":"<!-- This site is optimized with the Yoast SEO plugin v26.7 - https:\/\/yoast.com\/wordpress\/plugins\/seo\/ -->\n<title>\u00bfEst\u00e1 integrado en la RE2020 el uso combinado de ventiladores de techo con el aire acondicionado? - Brasseurs Air RE2020<\/title>\n<meta name=\"description\" content=\"El acoplamiento de los ventiladores de techo con el aire acondicionado no est\u00e1 integrado en la RE2020. Mejora del confort t\u00e9rmico y circulaci\u00f3n del aire.\" \/>\n<meta name=\"robots\" content=\"index, follow, max-snippet:-1, max-image-preview:large, max-video-preview:-1\" \/>\n<link rel=\"canonical\" href=\"https:\/\/www.brasseurs-air-re2020.com\/es\/informacion-2\/esta-integrado-en-la-re2020-el-uso-combinado-de-ventiladores-de-techo-con-el-aire-acondicionado\/\" \/>\n<meta property=\"og:locale\" content=\"es_ES\" \/>\n<meta property=\"og:type\" content=\"article\" \/>\n<meta property=\"og:title\" content=\"\u00bfEst\u00e1 integrado en la RE2020 el uso combinado de ventiladores de techo con el aire acondicionado? - Brasseurs Air RE2020\" \/>\n<meta property=\"og:description\" content=\"El acoplamiento de los ventiladores de techo con el aire acondicionado no est\u00e1 integrado en la RE2020. Mejora del confort t\u00e9rmico y circulaci\u00f3n del aire.\" \/>\n<meta property=\"og:url\" content=\"https:\/\/www.brasseurs-air-re2020.com\/es\/informacion-2\/esta-integrado-en-la-re2020-el-uso-combinado-de-ventiladores-de-techo-con-el-aire-acondicionado\/\" \/>\n<meta property=\"og:site_name\" content=\"Brasseurs Air RE2020\" \/>\n<meta property=\"article:modified_time\" content=\"2026-03-22T19:53:29+00:00\" \/>\n<meta name=\"twitter:card\" content=\"summary_large_image\" \/>\n<meta name=\"twitter:label1\" content=\"Tiempo de lectura\" \/>\n\t<meta name=\"twitter:data1\" content=\"20 minutos\" \/>\n<script type=\"application\/ld+json\" class=\"yoast-schema-graph\">{\"@context\":\"https:\/\/schema.org\",\"@graph\":[{\"@type\":\"WebPage\",\"@id\":\"https:\/\/www.brasseurs-air-re2020.com\/es\/informacion-2\/esta-integrado-en-la-re2020-el-uso-combinado-de-ventiladores-de-techo-con-el-aire-acondicionado\/\",\"url\":\"https:\/\/www.brasseurs-air-re2020.com\/es\/informacion-2\/esta-integrado-en-la-re2020-el-uso-combinado-de-ventiladores-de-techo-con-el-aire-acondicionado\/\",\"name\":\"\u00bfEst\u00e1 integrado en la RE2020 el uso combinado de ventiladores de techo con el aire acondicionado? - Brasseurs Air RE2020\",\"isPartOf\":{\"@id\":\"https:\/\/www.brasseurs-air-re2020.com\/es\/#website\"},\"datePublished\":\"2025-10-23T23:26:03+00:00\",\"dateModified\":\"2026-03-22T19:53:29+00:00\",\"description\":\"El acoplamiento de los ventiladores de techo con el aire acondicionado no est\u00e1 integrado en la RE2020. Mejora del confort t\u00e9rmico y circulaci\u00f3n del aire.\",\"breadcrumb\":{\"@id\":\"https:\/\/www.brasseurs-air-re2020.com\/es\/informacion-2\/esta-integrado-en-la-re2020-el-uso-combinado-de-ventiladores-de-techo-con-el-aire-acondicionado\/#breadcrumb\"},\"inLanguage\":\"es\",\"potentialAction\":[{\"@type\":\"ReadAction\",\"target\":[\"https:\/\/www.brasseurs-air-re2020.com\/es\/informacion-2\/esta-integrado-en-la-re2020-el-uso-combinado-de-ventiladores-de-techo-con-el-aire-acondicionado\/\"]}]},{\"@type\":\"BreadcrumbList\",\"@id\":\"https:\/\/www.brasseurs-air-re2020.com\/es\/informacion-2\/esta-integrado-en-la-re2020-el-uso-combinado-de-ventiladores-de-techo-con-el-aire-acondicionado\/#breadcrumb\",\"itemListElement\":[{\"@type\":\"ListItem\",\"position\":1,\"name\":\"Brasseur d\u2019air\",\"item\":\"https:\/\/www.brasseurs-air-re2020.com\/es\/\"},{\"@type\":\"ListItem\",\"position\":2,\"name\":\"Informaci\u00f3n\",\"item\":\"https:\/\/www.brasseurs-air-re2020.com\/es\/informations\/\"},{\"@type\":\"ListItem\",\"position\":3,\"name\":\"\u00bfEst\u00e1 integrado en la RE2020 el uso combinado de ventiladores de techo con el aire acondicionado?\"}]},{\"@type\":\"WebSite\",\"@id\":\"https:\/\/www.brasseurs-air-re2020.com\/es\/#website\",\"url\":\"https:\/\/www.brasseurs-air-re2020.com\/es\/\",\"name\":\"Brasseurs Air RE2020\",\"description\":\"\",\"publisher\":{\"@id\":\"https:\/\/www.brasseurs-air-re2020.com\/es\/#organization\"},\"potentialAction\":[{\"@type\":\"SearchAction\",\"target\":{\"@type\":\"EntryPoint\",\"urlTemplate\":\"https:\/\/www.brasseurs-air-re2020.com\/es\/?s={search_term_string}\"},\"query-input\":{\"@type\":\"PropertyValueSpecification\",\"valueRequired\":true,\"valueName\":\"search_term_string\"}}],\"inLanguage\":\"es\"},{\"@type\":\"Organization\",\"@id\":\"https:\/\/www.brasseurs-air-re2020.com\/es\/#organization\",\"name\":\"Brasseurs d'air RE2020\",\"url\":\"https:\/\/www.brasseurs-air-re2020.com\/es\/\",\"logo\":{\"@type\":\"ImageObject\",\"inLanguage\":\"es\",\"@id\":\"https:\/\/www.brasseurs-air-re2020.com\/es\/#\/schema\/logo\/image\/\",\"url\":\"https:\/\/www.brasseurs-air-re2020.com\/wp-content\/uploads\/2021\/12\/logo-brasseur-air-re-2020-new-01.png\",\"contentUrl\":\"https:\/\/www.brasseurs-air-re2020.com\/wp-content\/uploads\/2021\/12\/logo-brasseur-air-re-2020-new-01.png\",\"width\":200,\"height\":50,\"caption\":\"Brasseurs d'air RE2020\"},\"image\":{\"@id\":\"https:\/\/www.brasseurs-air-re2020.com\/es\/#\/schema\/logo\/image\/\"},\"sameAs\":[\"https:\/\/www.linkedin.com\/company\/brasseurs-d-air-re2020\/\"]}]}<\/script>\n<!-- \/ Yoast SEO plugin. -->","yoast_head_json":{"title":"\u00bfEst\u00e1 integrado en la RE2020 el uso combinado de ventiladores de techo con el aire acondicionado? - Brasseurs Air RE2020","description":"El acoplamiento de los ventiladores de techo con el aire acondicionado no est\u00e1 integrado en la RE2020. Mejora del confort t\u00e9rmico y circulaci\u00f3n del aire.","robots":{"index":"index","follow":"follow","max-snippet":"max-snippet:-1","max-image-preview":"max-image-preview:large","max-video-preview":"max-video-preview:-1"},"canonical":"https:\/\/www.brasseurs-air-re2020.com\/es\/informacion-2\/esta-integrado-en-la-re2020-el-uso-combinado-de-ventiladores-de-techo-con-el-aire-acondicionado\/","og_locale":"es_ES","og_type":"article","og_title":"\u00bfEst\u00e1 integrado en la RE2020 el uso combinado de ventiladores de techo con el aire acondicionado? - Brasseurs Air RE2020","og_description":"El acoplamiento de los ventiladores de techo con el aire acondicionado no est\u00e1 integrado en la RE2020. Mejora del confort t\u00e9rmico y circulaci\u00f3n del aire.","og_url":"https:\/\/www.brasseurs-air-re2020.com\/es\/informacion-2\/esta-integrado-en-la-re2020-el-uso-combinado-de-ventiladores-de-techo-con-el-aire-acondicionado\/","og_site_name":"Brasseurs Air RE2020","article_modified_time":"2026-03-22T19:53:29+00:00","twitter_card":"summary_large_image","twitter_misc":{"Tiempo de lectura":"20 minutos"},"schema":{"@context":"https:\/\/schema.org","@graph":[{"@type":"WebPage","@id":"https:\/\/www.brasseurs-air-re2020.com\/es\/informacion-2\/esta-integrado-en-la-re2020-el-uso-combinado-de-ventiladores-de-techo-con-el-aire-acondicionado\/","url":"https:\/\/www.brasseurs-air-re2020.com\/es\/informacion-2\/esta-integrado-en-la-re2020-el-uso-combinado-de-ventiladores-de-techo-con-el-aire-acondicionado\/","name":"\u00bfEst\u00e1 integrado en la RE2020 el uso combinado de ventiladores de techo con el aire acondicionado? - Brasseurs Air RE2020","isPartOf":{"@id":"https:\/\/www.brasseurs-air-re2020.com\/es\/#website"},"datePublished":"2025-10-23T23:26:03+00:00","dateModified":"2026-03-22T19:53:29+00:00","description":"El acoplamiento de los ventiladores de techo con el aire acondicionado no est\u00e1 integrado en la RE2020. Mejora del confort t\u00e9rmico y circulaci\u00f3n del aire.","breadcrumb":{"@id":"https:\/\/www.brasseurs-air-re2020.com\/es\/informacion-2\/esta-integrado-en-la-re2020-el-uso-combinado-de-ventiladores-de-techo-con-el-aire-acondicionado\/#breadcrumb"},"inLanguage":"es","potentialAction":[{"@type":"ReadAction","target":["https:\/\/www.brasseurs-air-re2020.com\/es\/informacion-2\/esta-integrado-en-la-re2020-el-uso-combinado-de-ventiladores-de-techo-con-el-aire-acondicionado\/"]}]},{"@type":"BreadcrumbList","@id":"https:\/\/www.brasseurs-air-re2020.com\/es\/informacion-2\/esta-integrado-en-la-re2020-el-uso-combinado-de-ventiladores-de-techo-con-el-aire-acondicionado\/#breadcrumb","itemListElement":[{"@type":"ListItem","position":1,"name":"Brasseur d\u2019air","item":"https:\/\/www.brasseurs-air-re2020.com\/es\/"},{"@type":"ListItem","position":2,"name":"Informaci\u00f3n","item":"https:\/\/www.brasseurs-air-re2020.com\/es\/informations\/"},{"@type":"ListItem","position":3,"name":"\u00bfEst\u00e1 integrado en la RE2020 el uso combinado de ventiladores de techo con el aire acondicionado?"}]},{"@type":"WebSite","@id":"https:\/\/www.brasseurs-air-re2020.com\/es\/#website","url":"https:\/\/www.brasseurs-air-re2020.com\/es\/","name":"Brasseurs Air RE2020","description":"","publisher":{"@id":"https:\/\/www.brasseurs-air-re2020.com\/es\/#organization"},"potentialAction":[{"@type":"SearchAction","target":{"@type":"EntryPoint","urlTemplate":"https:\/\/www.brasseurs-air-re2020.com\/es\/?s={search_term_string}"},"query-input":{"@type":"PropertyValueSpecification","valueRequired":true,"valueName":"search_term_string"}}],"inLanguage":"es"},{"@type":"Organization","@id":"https:\/\/www.brasseurs-air-re2020.com\/es\/#organization","name":"Brasseurs d'air RE2020","url":"https:\/\/www.brasseurs-air-re2020.com\/es\/","logo":{"@type":"ImageObject","inLanguage":"es","@id":"https:\/\/www.brasseurs-air-re2020.com\/es\/#\/schema\/logo\/image\/","url":"https:\/\/www.brasseurs-air-re2020.com\/wp-content\/uploads\/2021\/12\/logo-brasseur-air-re-2020-new-01.png","contentUrl":"https:\/\/www.brasseurs-air-re2020.com\/wp-content\/uploads\/2021\/12\/logo-brasseur-air-re-2020-new-01.png","width":200,"height":50,"caption":"Brasseurs d'air RE2020"},"image":{"@id":"https:\/\/www.brasseurs-air-re2020.com\/es\/#\/schema\/logo\/image\/"},"sameAs":["https:\/\/www.linkedin.com\/company\/brasseurs-d-air-re2020\/"]}]}},"_links":{"self":[{"href":"https:\/\/www.brasseurs-air-re2020.com\/es\/wp-json\/wp\/v2\/pages\/15645","targetHints":{"allow":["GET"]}}],"collection":[{"href":"https:\/\/www.brasseurs-air-re2020.com\/es\/wp-json\/wp\/v2\/pages"}],"about":[{"href":"https:\/\/www.brasseurs-air-re2020.com\/es\/wp-json\/wp\/v2\/types\/page"}],"author":[{"embeddable":true,"href":"https:\/\/www.brasseurs-air-re2020.com\/es\/wp-json\/wp\/v2\/users\/1"}],"replies":[{"embeddable":true,"href":"https:\/\/www.brasseurs-air-re2020.com\/es\/wp-json\/wp\/v2\/comments?post=15645"}],"version-history":[{"count":7,"href":"https:\/\/www.brasseurs-air-re2020.com\/es\/wp-json\/wp\/v2\/pages\/15645\/revisions"}],"predecessor-version":[{"id":15674,"href":"https:\/\/www.brasseurs-air-re2020.com\/es\/wp-json\/wp\/v2\/pages\/15645\/revisions\/15674"}],"up":[{"embeddable":true,"href":"https:\/\/www.brasseurs-air-re2020.com\/es\/wp-json\/wp\/v2\/pages\/18830"}],"wp:attachment":[{"href":"https:\/\/www.brasseurs-air-re2020.com\/es\/wp-json\/wp\/v2\/media?parent=15645"}],"curies":[{"name":"wp","href":"https:\/\/api.w.org\/{rel}","templated":true}]}}